{"id":24957,"date":"2026-04-29T08:26:39","date_gmt":"2026-04-29T06:26:39","guid":{"rendered":"https:\/\/karaiexclusiveracing.hu\/?post_type=product&#038;p=24957"},"modified":"2026-04-29T10:06:05","modified_gmt":"2026-04-29T08:06:05","slug":"bmw-325i-m3-replica","status":"publish","type":"product","link":"https:\/\/karaiexclusiveracing.hu\/de\/termek\/bmw-325i-m3-replica\/","title":{"rendered":"BMW 325i M3 Replica"},"content":{"rendered":"<p>Elad\u00f3v\u00e1 v\u00e1lt egy igaz\u00e1n k\u00fcl\u00f6nleges projekt aut\u00f3: BMW E30 325i Cabrio M3 Replica<\/p>\n<p>M\u0171szaki adatok:<\/p>\n<p>&#8211; centr\u00e1lz\u00e1r<br \/>\n&#8211; szervokorm\u00e1ny<br \/>\n&#8211; sportfut\u00f3m\u0171<\/p>\n<p>Belt\u00e9r adat:<\/p>\n<p>-sport\u00fcl\u00e9sek<\/p>\n<p>1985-\u00f6s \u00e9vj\u00e1rat, Magyar okm\u00e1nyokkal. Forgalmi szerint 325i, alv\u00e1zsz\u00e1m alapj\u00e1n is. Jelenleg a forgalmiban 1990 cm \u00e9s 92 kW szerepel. Motor \u00e9s v\u00e1lt\u00f3 jelenleg nincs az aut\u00f3ban. Kor\u00e1bban M54B30 motorral volt szerelve. Az aut\u00f3t eredetileg vissza szerett\u00fck volna alak\u00edtani 2.5-\u00f6s M20B25-re, \u00e9s ennek megfelel\u0151en \u00fajrapap\u00edrozni, de v\u00e9g\u00fcl projektv\u00e1lt\u00e1s miatt elad\u00f3 lett.<br \/>\nMotor \u00fcgyben k\u00fcl\u00f6n megegyez\u00e9ssel szinte b\u00e1rmiben tudunk seg\u00edteni: M20B20, M20B25, M54B28, M54B30, S54B32<br \/>\nIg\u00e9ny eset\u00e9n ak\u00e1r teljesen \u00f6sszeszerelve is \u00e1t tudjuk adni, megbesz\u00e9l\u00e9s szerint. Egy igazi alap egy komoly \u00e9p\u00edt\u00e9shez vagy ak\u00e1r \u00e9rt\u00e9kn\u00f6vel\u0151 projekthez!<br \/>\nAz \u00e1ra fix!<\/p>","protected":false},"excerpt":{"rendered":"<p>Elad\u00f3v\u00e1 v\u00e1lt egy igaz\u00e1n k\u00fcl\u00f6nleges projekt aut\u00f3: BMW E30 325i Cabrio M3 Replica M\u0171szaki adatok: &#8211; centr\u00e1lz\u00e1r &#8211; szervokorm\u00e1ny &#8211; sportfut\u00f3m\u0171 Belt\u00e9r adat: -sport\u00fcl\u00e9sek 1985-\u00f6s \u00e9vj\u00e1rat, Magyar okm\u00e1nyokkal. Forgalmi szerint 325i, alv\u00e1zsz\u00e1m alapj\u00e1n is. Jelenleg a forgalmiban 1990 cm \u00e9s 92 kW szerepel. Motor \u00e9s v\u00e1lt\u00f3 jelenleg nincs az aut\u00f3ban. Kor\u00e1bban M54B30 motorral volt szerelve. [&hellip;]<\/p>\n","protected":false},"featured_media":24958,"template":"","meta":{"_acf_changed":false},"manufactures":[],"product_brand":[165],"product_cat":[24],"product_tag":[],"class_list":{"0":"post-24957","1":"product","2":"type-product","3":"status-publish","4":"has-post-thumbnail","6":"product_brand-bmw","7":"product_cat-classic-car","9":"first","10":"instock","11":"taxable","12":"shipping-taxable","13":"purchasable","14":"product-type-simple"},"exclude_global_add_ons":[],"addons":[],"acf":[],"yoast_head":"<!-- This site is optimized with the Yoast SEO Premium plugin v27.1 (Yoast SEO v27.2) - https:\/\/yoast.com\/product\/yoast-seo-premium-wordpress\/ -->\n<title>BMW 325i M3 Replica - K\u00e1rai Exclusive<\/title>\n<meta name=\"robots\" content=\"index, follow, max-snippet:-1, max-image-preview:large, max-video-preview:-1\" \/>\n<link rel=\"canonical\" href=\"https:\/\/karaiexclusiveracing.hu\/de\/produkt\/bmw-325i-m3-replica\/\" \/>\n<meta property=\"og:locale\" content=\"de_DE\" \/>\n<meta property=\"og:type\" content=\"article\" \/>\n<meta property=\"og:title\" content=\"BMW 325i M3 Replica\" \/>\n<meta property=\"og:description\" content=\"Elad\u00f3v\u00e1 v\u00e1lt egy igaz\u00e1n k\u00fcl\u00f6nleges projekt aut\u00f3: BMW E30 325i Cabrio M3 Replica M\u0171szaki adatok: &#8211; centr\u00e1lz\u00e1r &#8211; szervokorm\u00e1ny &#8211; sportfut\u00f3m\u0171 Belt\u00e9r adat: -sport\u00fcl\u00e9sek 1985-\u00f6s \u00e9vj\u00e1rat, Magyar okm\u00e1nyokkal. Forgalmi szerint 325i, alv\u00e1zsz\u00e1m alapj\u00e1n is. Jelenleg a forgalmiban 1990 cm \u00e9s 92 kW szerepel. Motor \u00e9s v\u00e1lt\u00f3 jelenleg nincs az aut\u00f3ban. Kor\u00e1bban M54B30 motorral volt szerelve. [&hellip;]\" \/>\n<meta property=\"og:url\" content=\"https:\/\/karaiexclusiveracing.hu\/de\/produkt\/bmw-325i-m3-replica\/\" \/>\n<meta property=\"og:site_name\" content=\"K\u00e1rai Exclusive\" \/>\n<meta property=\"article:publisher\" content=\"https:\/\/www.facebook.com\/karaiexclusiveracing.hu\" \/>\n<meta property=\"article:modified_time\" content=\"2026-04-29T08:06:05+00:00\" \/>\n<meta property=\"og:image\" content=\"https:\/\/karaiexclusiveracing.hu\/wp-content\/uploads\/2026\/04\/viber_kep_2026-04-29_06-10-53-545.jpg\" \/>\n\t<meta property=\"og:image:width\" content=\"1600\" \/>\n\t<meta property=\"og:image:height\" content=\"1200\" \/>\n\t<meta property=\"og:image:type\" content=\"image\/jpeg\" \/>\n<meta name=\"twitter:card\" content=\"summary_large_image\" \/>\n<meta name=\"twitter:label1\" content=\"Gesch\u00e4tzte Lesezeit\" \/>\n\t<meta name=\"twitter:data1\" content=\"1\u00a0Minute\" \/>\n<script type=\"application\/ld+json\" class=\"yoast-schema-graph\">{\"@context\":\"https:\/\/schema.org\",\"@graph\":[{\"@type\":\"WebPage\",\"@id\":\"https:\/\/karaiexclusiveracing.hu\/termek\/bmw-325i-m3-replica\/\",\"url\":\"https:\/\/karaiexclusiveracing.hu\/termek\/bmw-325i-m3-replica\/\",\"name\":\"BMW 325i M3 Replica - K\u00e1rai Exclusive\",\"isPartOf\":{\"@id\":\"https:\/\/karaiexclusiveracing.hu\/#website\"},\"primaryImageOfPage\":{\"@id\":\"https:\/\/karaiexclusiveracing.hu\/termek\/bmw-325i-m3-replica\/#primaryimage\"},\"image\":{\"@id\":\"https:\/\/karaiexclusiveracing.hu\/termek\/bmw-325i-m3-replica\/#primaryimage\"},\"thumbnailUrl\":\"https:\/\/karaiexclusiveracing.hu\/wp-content\/uploads\/2026\/04\/viber_kep_2026-04-29_06-10-53-545.jpg\",\"datePublished\":\"2026-04-29T06:26:39+00:00\",\"dateModified\":\"2026-04-29T08:06:05+00:00\",\"breadcrumb\":{\"@id\":\"https:\/\/karaiexclusiveracing.hu\/termek\/bmw-325i-m3-replica\/#breadcrumb\"},\"inLanguage\":\"de\",\"potentialAction\":[{\"@type\":\"ReadAction\",\"target\":[\"https:\/\/karaiexclusiveracing.hu\/termek\/bmw-325i-m3-replica\/\"]}]},{\"@type\":\"ImageObject\",\"inLanguage\":\"de\",\"@id\":\"https:\/\/karaiexclusiveracing.hu\/termek\/bmw-325i-m3-replica\/#primaryimage\",\"url\":\"https:\/\/karaiexclusiveracing.hu\/wp-content\/uploads\/2026\/04\/viber_kep_2026-04-29_06-10-53-545.jpg\",\"contentUrl\":\"https:\/\/karaiexclusiveracing.hu\/wp-content\/uploads\/2026\/04\/viber_kep_2026-04-29_06-10-53-545.jpg\",\"width\":1600,\"height\":1200},{\"@type\":\"BreadcrumbList\",\"@id\":\"https:\/\/karaiexclusiveracing.hu\/termek\/bmw-325i-m3-replica\/#breadcrumb\",\"itemListElement\":[{\"@type\":\"ListItem\",\"position\":1,\"name\":\"Kezd\u0151lap\",\"item\":\"https:\/\/karaiexclusiveracing.hu\/\"},{\"@type\":\"ListItem\",\"position\":2,\"name\":\"Elad\u00f3 aut\u00f3k\",\"item\":\"https:\/\/karaiexclusiveracing.hu\/elado-autok\/\"},{\"@type\":\"ListItem\",\"position\":3,\"name\":\"BMW 325i M3 Replica\"}]},{\"@type\":\"WebSite\",\"@id\":\"https:\/\/karaiexclusiveracing.hu\/#website\",\"url\":\"https:\/\/karaiexclusiveracing.hu\/\",\"name\":\"K\u00e1rai Exclusive Racing\",\"description\":\"\",\"publisher\":{\"@id\":\"https:\/\/karaiexclusiveracing.hu\/#organization\"},\"potentialAction\":[{\"@type\":\"SearchAction\",\"target\":{\"@type\":\"EntryPoint\",\"urlTemplate\":\"https:\/\/karaiexclusiveracing.hu\/?s={search_term_string}\"},\"query-input\":{\"@type\":\"PropertyValueSpecification\",\"valueRequired\":true,\"valueName\":\"search_term_string\"}}],\"inLanguage\":\"de\"},{\"@type\":\"Organization\",\"@id\":\"https:\/\/karaiexclusiveracing.hu\/#organization\",\"name\":\"K\u00e1rai Exclusive Racing\",\"url\":\"https:\/\/karaiexclusiveracing.hu\/\",\"logo\":{\"@type\":\"ImageObject\",\"inLanguage\":\"de\",\"@id\":\"https:\/\/karaiexclusiveracing.hu\/#\/schema\/logo\/image\/\",\"url\":\"https:\/\/www.karaiexclusiveracing.hu\/wp-content\/uploads\/2023\/10\/karai_exclusive_logo-1-1.png\",\"contentUrl\":\"https:\/\/www.karaiexclusiveracing.hu\/wp-content\/uploads\/2023\/10\/karai_exclusive_logo-1-1.png\",\"width\":1575,\"height\":435,\"caption\":\"K\u00e1rai Exclusive Racing\"},\"image\":{\"@id\":\"https:\/\/karaiexclusiveracing.hu\/#\/schema\/logo\/image\/\"},\"sameAs\":[\"https:\/\/www.facebook.com\/karaiexclusiveracing.hu\",\"https:\/\/www.instagram.com\/karaiexclusiveracing\/\"]}]}<\/script>\n<!-- \/ Yoast SEO Premium plugin. -->","yoast_head_json":{"title":"BMW 325i M3 Replica - K\u00e1rai Exclusive","robots":{"index":"index","follow":"follow","max-snippet":"max-snippet:-1","max-image-preview":"max-image-preview:large","max-video-preview":"max-video-preview:-1"},"canonical":"https:\/\/karaiexclusiveracing.hu\/de\/produkt\/bmw-325i-m3-replica\/","og_locale":"de_DE","og_type":"article","og_title":"BMW 325i M3 Replica","og_description":"Elad\u00f3v\u00e1 v\u00e1lt egy igaz\u00e1n k\u00fcl\u00f6nleges projekt aut\u00f3: BMW E30 325i Cabrio M3 Replica M\u0171szaki adatok: &#8211; centr\u00e1lz\u00e1r &#8211; szervokorm\u00e1ny &#8211; sportfut\u00f3m\u0171 Belt\u00e9r adat: -sport\u00fcl\u00e9sek 1985-\u00f6s \u00e9vj\u00e1rat, Magyar okm\u00e1nyokkal. Forgalmi szerint 325i, alv\u00e1zsz\u00e1m alapj\u00e1n is. Jelenleg a forgalmiban 1990 cm \u00e9s 92 kW szerepel. Motor \u00e9s v\u00e1lt\u00f3 jelenleg nincs az aut\u00f3ban. Kor\u00e1bban M54B30 motorral volt szerelve. [&hellip;]","og_url":"https:\/\/karaiexclusiveracing.hu\/de\/produkt\/bmw-325i-m3-replica\/","og_site_name":"K\u00e1rai Exclusive","article_publisher":"https:\/\/www.facebook.com\/karaiexclusiveracing.hu","article_modified_time":"2026-04-29T08:06:05+00:00","og_image":[{"width":1600,"height":1200,"url":"https:\/\/karaiexclusiveracing.hu\/wp-content\/uploads\/2026\/04\/viber_kep_2026-04-29_06-10-53-545.jpg","type":"image\/jpeg"}],"twitter_card":"summary_large_image","twitter_misc":{"Gesch\u00e4tzte Lesezeit":"1\u00a0Minute"},"schema":{"@context":"https:\/\/schema.org","@graph":[{"@type":"WebPage","@id":"https:\/\/karaiexclusiveracing.hu\/termek\/bmw-325i-m3-replica\/","url":"https:\/\/karaiexclusiveracing.hu\/termek\/bmw-325i-m3-replica\/","name":"BMW 325i M3 Replica - K\u00e1rai Exclusive","isPartOf":{"@id":"https:\/\/karaiexclusiveracing.hu\/#website"},"primaryImageOfPage":{"@id":"https:\/\/karaiexclusiveracing.hu\/termek\/bmw-325i-m3-replica\/#primaryimage"},"image":{"@id":"https:\/\/karaiexclusiveracing.hu\/termek\/bmw-325i-m3-replica\/#primaryimage"},"thumbnailUrl":"https:\/\/karaiexclusiveracing.hu\/wp-content\/uploads\/2026\/04\/viber_kep_2026-04-29_06-10-53-545.jpg","datePublished":"2026-04-29T06:26:39+00:00","dateModified":"2026-04-29T08:06:05+00:00","breadcrumb":{"@id":"https:\/\/karaiexclusiveracing.hu\/termek\/bmw-325i-m3-replica\/#breadcrumb"},"inLanguage":"de","potentialAction":[{"@type":"ReadAction","target":["https:\/\/karaiexclusiveracing.hu\/termek\/bmw-325i-m3-replica\/"]}]},{"@type":"ImageObject","inLanguage":"de","@id":"https:\/\/karaiexclusiveracing.hu\/termek\/bmw-325i-m3-replica\/#primaryimage","url":"https:\/\/karaiexclusiveracing.hu\/wp-content\/uploads\/2026\/04\/viber_kep_2026-04-29_06-10-53-545.jpg","contentUrl":"https:\/\/karaiexclusiveracing.hu\/wp-content\/uploads\/2026\/04\/viber_kep_2026-04-29_06-10-53-545.jpg","width":1600,"height":1200},{"@type":"BreadcrumbList","@id":"https:\/\/karaiexclusiveracing.hu\/termek\/bmw-325i-m3-replica\/#breadcrumb","itemListElement":[{"@type":"ListItem","position":1,"name":"Kezd\u0151lap","item":"https:\/\/karaiexclusiveracing.hu\/"},{"@type":"ListItem","position":2,"name":"Elad\u00f3 aut\u00f3k","item":"https:\/\/karaiexclusiveracing.hu\/elado-autok\/"},{"@type":"ListItem","position":3,"name":"BMW 325i M3 Replica"}]},{"@type":"WebSite","@id":"https:\/\/karaiexclusiveracing.hu\/#website","url":"https:\/\/karaiexclusiveracing.hu\/","name":"K\u00e1rai Exclusive Racing","description":"","publisher":{"@id":"https:\/\/karaiexclusiveracing.hu\/#organization"},"potentialAction":[{"@type":"SearchAction","target":{"@type":"EntryPoint","urlTemplate":"https:\/\/karaiexclusiveracing.hu\/?s={search_term_string}"},"query-input":{"@type":"PropertyValueSpecification","valueRequired":true,"valueName":"search_term_string"}}],"inLanguage":"de"},{"@type":"Organization","@id":"https:\/\/karaiexclusiveracing.hu\/#organization","name":"K\u00e1rai Exclusive Racing","url":"https:\/\/karaiexclusiveracing.hu\/","logo":{"@type":"ImageObject","inLanguage":"de","@id":"https:\/\/karaiexclusiveracing.hu\/#\/schema\/logo\/image\/","url":"https:\/\/www.karaiexclusiveracing.hu\/wp-content\/uploads\/2023\/10\/karai_exclusive_logo-1-1.png","contentUrl":"https:\/\/www.karaiexclusiveracing.hu\/wp-content\/uploads\/2023\/10\/karai_exclusive_logo-1-1.png","width":1575,"height":435,"caption":"K\u00e1rai Exclusive Racing"},"image":{"@id":"https:\/\/karaiexclusiveracing.hu\/#\/schema\/logo\/image\/"},"sameAs":["https:\/\/www.facebook.com\/karaiexclusiveracing.hu","https:\/\/www.instagram.com\/karaiexclusiveracing\/"]}]}},"_links":{"self":[{"href":"https:\/\/karaiexclusiveracing.hu\/de\/wp-json\/wp\/v2\/product\/24957","targetHints":{"allow":["GET"]}}],"collection":[{"href":"https:\/\/karaiexclusiveracing.hu\/de\/wp-json\/wp\/v2\/product"}],"about":[{"href":"https:\/\/karaiexclusiveracing.hu\/de\/wp-json\/wp\/v2\/types\/product"}],"wp:featuredmedia":[{"embeddable":true,"href":"https:\/\/karaiexclusiveracing.hu\/de\/wp-json\/wp\/v2\/media\/24958"}],"wp:attachment":[{"href":"https:\/\/karaiexclusiveracing.hu\/de\/wp-json\/wp\/v2\/media?parent=24957"}],"wp:term":[{"taxonomy":"manufactures","embeddable":true,"href":"https:\/\/karaiexclusiveracing.hu\/de\/wp-json\/wp\/v2\/manufactures?post=24957"},{"taxonomy":"product_brand","embeddable":true,"href":"https:\/\/karaiexclusiveracing.hu\/de\/wp-json\/wp\/v2\/product_brand?post=24957"},{"taxonomy":"product_cat","embeddable":true,"href":"https:\/\/karaiexclusiveracing.hu\/de\/wp-json\/wp\/v2\/product_cat?post=24957"},{"taxonomy":"product_tag","embeddable":true,"href":"https:\/\/karaiexclusiveracing.hu\/de\/wp-json\/wp\/v2\/product_tag?post=24957"}],"curies":[{"name":"wp","href":"https:\/\/api.w.org\/{rel}","templated":true}]}}