{"id":22781,"date":"2025-04-07T10:50:33","date_gmt":"2025-04-07T08:50:33","guid":{"rendered":"https:\/\/www.karaiexclusiveracing.hu\/?post_type=product&#038;p=22781"},"modified":"2025-05-05T18:48:06","modified_gmt":"2025-05-05T16:48:06","slug":"mercedes-clk-500-advantage-gyari-allapot","status":"publish","type":"product","link":"https:\/\/karaiexclusiveracing.hu\/de\/termek\/mercedes-clk-500-advantage-gyari-allapot\/","title":{"rendered":"Mercedes-Benz CLK 500 Advantage Automata"},"content":{"rendered":"<p class=\"\" data-start=\"193\" data-end=\"521\">Elad\u00e1sra k\u00edn\u00e1lunk egy rendk\u00edv\u00fcl ritka, megk\u00edm\u00e9lt \u00e1llapot\u00fa <strong data-start=\"251\" data-end=\"276\">Mercedes-Benz CLK 500<\/strong> t\u00edpus\u00fa j\u00e1rm\u0171vet, amelyet t\u00f6bb \u00e9vnyi keres\u00e9s ut\u00e1n szerzett be jelenlegi tulajdonosa. Az aut\u00f3 teljes szervizt\u00f6rt\u00e9nete leinform\u00e1lhat\u00f3, kezdett\u0151l fogva <strong data-start=\"425\" data-end=\"467\">Mercedes m\u00e1rkaszervizben karbantartott<\/strong>, garant\u00e1lt \u00e9s ellen\u0151rizhet\u0151 <strong data-start=\"496\" data-end=\"520\">fut\u00e1steljes\u00edtm\u00e9nnyel. <\/strong>A j\u00e1rm\u0171 <strong data-start=\"531\" data-end=\"550\">gy\u00e1ri f\u00e9nyez\u00e9s\u0171<\/strong>, karossz\u00e9ri\u00e1ja kiemelked\u0151en sz\u00e9p \u00e1llapotban van, ak\u00e1rcsak a bels\u0151 t\u00e9r, amely \u2013 ahogy a k\u00e9peken is l\u00e1tszik \u2013 szinte \u00fajszer\u0171. Az aut\u00f3 <strong data-start=\"683\" data-end=\"732\">\u00e1tvizsg\u00e1l\u00e1sa saj\u00e1t m\u0171hely\u00fcnkben is lehets\u00e9ges<\/strong>, ig\u00e9ny eset\u00e9n emel\u0151n megtekinthet\u0151.<\/p>\n<p data-start=\"193\" data-end=\"521\"><strong>K\u00fclt\u00e9r:<\/strong><\/p>\n<ul>\n<li data-start=\"193\" data-end=\"521\">elektromos ablak el\u00f6l<\/li>\n<li data-start=\"193\" data-end=\"521\">elektromos ablak h\u00e1tul<\/li>\n<li data-start=\"193\" data-end=\"521\">elektromos t\u00fck\u00f6r<\/li>\n<li data-start=\"193\" data-end=\"521\">f\u0171thet\u0151 t\u00fck\u00f6r<\/li>\n<li data-start=\"193\" data-end=\"521\">k\u00f6nny\u0171f\u00e9m felni<\/li>\n<li data-start=\"193\" data-end=\"521\">sz\u00ednezett \u00fcveg<\/li>\n<li data-start=\"193\" data-end=\"521\">tol\u00f3tet\u0151 &#8211; elektromos<\/li>\n<\/ul>\n<p data-start=\"193\" data-end=\"521\"><strong><br \/>\nBelt\u00e9r:<\/strong><\/p>\n<ul>\n<li data-start=\"193\" data-end=\"521\">b\u0151r bels\u0151<\/li>\n<li data-start=\"193\" data-end=\"521\">f\u0171thet\u0151 els\u0151 \u00fcl\u00e9s<\/li>\n<li data-start=\"193\" data-end=\"521\">mem\u00f3ri\u00e1s vezet\u0151\u00fcl\u00e9s<\/li>\n<li data-start=\"193\" data-end=\"521\">\u00fcl\u00e9smagass\u00e1g \u00e1ll\u00edt\u00e1s&lt;<\/li>\n<li data-start=\"193\" data-end=\"521\">b\u0151rkorm\u00e1ny<\/li>\n<li data-start=\"193\" data-end=\"521\">\u00e1ll\u00edthat\u00f3 korm\u00e1ny<\/li>\n<li data-start=\"193\" data-end=\"521\">fed\u00e9lzeti komputer<\/li>\n<\/ul>\n<p data-start=\"193\" data-end=\"521\"><strong><br \/>\nM\u0171szaki:<\/strong><\/p>\n<ul>\n<li data-start=\"193\" data-end=\"521\">centr\u00e1lz\u00e1r<\/li>\n<li data-start=\"193\" data-end=\"521\">szervokorm\u00e1ny<\/li>\n<\/ul>\n<p><strong>Tov\u00e1bbi inform\u00e1ci\u00f3k\u00e9rt \u00e9rdekl\u0151dj telefonon!<\/strong><\/p>\n<p data-start=\"193\" data-end=\"521\">","protected":false},"excerpt":{"rendered":"<p>Elad\u00e1sra k\u00edn\u00e1lunk egy rendk\u00edv\u00fcl ritka, megk\u00edm\u00e9lt \u00e1llapot\u00fa Mercedes-Benz CLK 500 t\u00edpus\u00fa j\u00e1rm\u0171vet, amelyet t\u00f6bb \u00e9vnyi keres\u00e9s ut\u00e1n szerzett be jelenlegi tulajdonosa. Az aut\u00f3 teljes szervizt\u00f6rt\u00e9nete leinform\u00e1lhat\u00f3, kezdett\u0151l fogva Mercedes m\u00e1rkaszervizben karbantartott, garant\u00e1lt \u00e9s ellen\u0151rizhet\u0151 fut\u00e1steljes\u00edtm\u00e9nnyel. A j\u00e1rm\u0171 gy\u00e1ri f\u00e9nyez\u00e9s\u0171, karossz\u00e9ri\u00e1ja kiemelked\u0151en sz\u00e9p \u00e1llapotban van, ak\u00e1rcsak a bels\u0151 t\u00e9r, amely \u2013 ahogy a k\u00e9peken is l\u00e1tszik [&hellip;]<\/p>\n","protected":false},"featured_media":22922,"template":"","meta":{"_acf_changed":false},"manufactures":[],"product_brand":[],"product_cat":[25],"product_tag":[],"class_list":{"0":"post-22781","1":"product","2":"type-product","3":"status-publish","4":"has-post-thumbnail","6":"product_cat-streetcar","8":"first","9":"instock","10":"taxable","11":"shipping-taxable","12":"purchasable","13":"product-type-simple"},"exclude_global_add_ons":[],"addons":[],"acf":[],"yoast_head":"<!-- This site is optimized with the Yoast SEO Premium plugin v27.1 (Yoast SEO v27.2) - https:\/\/yoast.com\/product\/yoast-seo-premium-wordpress\/ -->\n<title>Mercedes-Benz CLK 500 Advantage Automata - K\u00e1rai Exclusive<\/title>\n<meta name=\"description\" content=\"Leinform\u00e1lhat\u00f3 fut\u00e1steljes\u00edtm\u00e9nnyel, m\u00e1rkaszervizben szervizelt gy\u00e1ri f\u00e9nyez\u00e9ssel v\u00e1r \u00faj tulajdonos\u00e1ra ez a Mercedes-Benz CLK 500 Advantage.\" \/>\n<meta name=\"robots\" content=\"index, follow, max-snippet:-1, max-image-preview:large, max-video-preview:-1\" \/>\n<link rel=\"canonical\" href=\"http:\/\/karaiexclusiveracing.hu\/de\/produkt\/mercedes-clk-500-advantage-gyari-allapot\/\" \/>\n<meta property=\"og:locale\" content=\"de_DE\" \/>\n<meta property=\"og:type\" content=\"article\" \/>\n<meta property=\"og:title\" content=\"Mercedes-Benz CLK 500 Advantage Automata\" \/>\n<meta property=\"og:description\" content=\"Leinform\u00e1lhat\u00f3 fut\u00e1steljes\u00edtm\u00e9nnyel, m\u00e1rkaszervizben szervizelt gy\u00e1ri f\u00e9nyez\u00e9ssel v\u00e1r \u00faj tulajdonos\u00e1ra ez a Mercedes-Benz CLK 500 Advantage.\" \/>\n<meta property=\"og:url\" content=\"http:\/\/karaiexclusiveracing.hu\/de\/produkt\/mercedes-clk-500-advantage-gyari-allapot\/\" \/>\n<meta property=\"og:site_name\" content=\"K\u00e1rai Exclusive\" \/>\n<meta property=\"article:publisher\" content=\"https:\/\/www.facebook.com\/karaiexclusiveracing.hu\" \/>\n<meta property=\"article:modified_time\" content=\"2025-05-05T16:48:06+00:00\" \/>\n<meta property=\"og:image\" content=\"https:\/\/karaiexclusiveracing.hu\/wp-content\/uploads\/2025\/04\/IMG_6240-scaled-1-1024x768.png\" \/>\n\t<meta property=\"og:image:width\" content=\"1024\" \/>\n\t<meta property=\"og:image:height\" content=\"768\" \/>\n\t<meta property=\"og:image:type\" content=\"image\/png\" \/>\n<meta name=\"twitter:card\" content=\"summary_large_image\" \/>\n<meta name=\"twitter:label1\" content=\"Gesch\u00e4tzte Lesezeit\" \/>\n\t<meta name=\"twitter:data1\" content=\"1\u00a0Minute\" \/>\n<script type=\"application\/ld+json\" class=\"yoast-schema-graph\">{\"@context\":\"https:\/\/schema.org\",\"@graph\":[{\"@type\":\"WebPage\",\"@id\":\"http:\/\/karaiexclusiveracing.hu\/en\/product\/mercedes-clk-500-advantage-gyari-allapot\/\",\"url\":\"http:\/\/karaiexclusiveracing.hu\/en\/product\/mercedes-clk-500-advantage-gyari-allapot\/\",\"name\":\"Mercedes-Benz CLK 500 Advantage Automata - K\u00e1rai Exclusive\",\"isPartOf\":{\"@id\":\"https:\/\/karaiexclusiveracing.hu\/#website\"},\"primaryImageOfPage\":{\"@id\":\"http:\/\/karaiexclusiveracing.hu\/en\/product\/mercedes-clk-500-advantage-gyari-allapot\/#primaryimage\"},\"image\":{\"@id\":\"http:\/\/karaiexclusiveracing.hu\/en\/product\/mercedes-clk-500-advantage-gyari-allapot\/#primaryimage\"},\"thumbnailUrl\":\"https:\/\/karaiexclusiveracing.hu\/wp-content\/uploads\/2025\/04\/IMG_6240-scaled-1.png\",\"datePublished\":\"2025-04-07T08:50:33+00:00\",\"dateModified\":\"2025-05-05T16:48:06+00:00\",\"description\":\"Leinform\u00e1lhat\u00f3 fut\u00e1steljes\u00edtm\u00e9nnyel, m\u00e1rkaszervizben szervizelt gy\u00e1ri f\u00e9nyez\u00e9ssel v\u00e1r \u00faj tulajdonos\u00e1ra ez a Mercedes-Benz CLK 500 Advantage.\",\"breadcrumb\":{\"@id\":\"http:\/\/karaiexclusiveracing.hu\/en\/product\/mercedes-clk-500-advantage-gyari-allapot\/#breadcrumb\"},\"inLanguage\":\"de\",\"potentialAction\":[{\"@type\":\"ReadAction\",\"target\":[\"http:\/\/karaiexclusiveracing.hu\/en\/product\/mercedes-clk-500-advantage-gyari-allapot\/\"]}]},{\"@type\":\"ImageObject\",\"inLanguage\":\"de\",\"@id\":\"http:\/\/karaiexclusiveracing.hu\/en\/product\/mercedes-clk-500-advantage-gyari-allapot\/#primaryimage\",\"url\":\"https:\/\/karaiexclusiveracing.hu\/wp-content\/uploads\/2025\/04\/IMG_6240-scaled-1.png\",\"contentUrl\":\"https:\/\/karaiexclusiveracing.hu\/wp-content\/uploads\/2025\/04\/IMG_6240-scaled-1.png\",\"width\":2560,\"height\":1920},{\"@type\":\"BreadcrumbList\",\"@id\":\"http:\/\/karaiexclusiveracing.hu\/en\/product\/mercedes-clk-500-advantage-gyari-allapot\/#breadcrumb\",\"itemListElement\":[{\"@type\":\"ListItem\",\"position\":1,\"name\":\"Kezd\u0151lap\",\"item\":\"https:\/\/karaiexclusiveracing.hu\/\"},{\"@type\":\"ListItem\",\"position\":2,\"name\":\"Elad\u00f3 aut\u00f3k\",\"item\":\"https:\/\/karaiexclusiveracing.hu\/elado-autok\/\"},{\"@type\":\"ListItem\",\"position\":3,\"name\":\"Mercedes-Benz CLK 500 Advantage Automata\"}]},{\"@type\":\"WebSite\",\"@id\":\"https:\/\/karaiexclusiveracing.hu\/#website\",\"url\":\"https:\/\/karaiexclusiveracing.hu\/\",\"name\":\"K\u00e1rai Exclusive Racing\",\"description\":\"\",\"publisher\":{\"@id\":\"https:\/\/karaiexclusiveracing.hu\/#organization\"},\"potentialAction\":[{\"@type\":\"SearchAction\",\"target\":{\"@type\":\"EntryPoint\",\"urlTemplate\":\"https:\/\/karaiexclusiveracing.hu\/?s={search_term_string}\"},\"query-input\":{\"@type\":\"PropertyValueSpecification\",\"valueRequired\":true,\"valueName\":\"search_term_string\"}}],\"inLanguage\":\"de\"},{\"@type\":\"Organization\",\"@id\":\"https:\/\/karaiexclusiveracing.hu\/#organization\",\"name\":\"K\u00e1rai Exclusive Racing\",\"url\":\"https:\/\/karaiexclusiveracing.hu\/\",\"logo\":{\"@type\":\"ImageObject\",\"inLanguage\":\"de\",\"@id\":\"https:\/\/karaiexclusiveracing.hu\/#\/schema\/logo\/image\/\",\"url\":\"https:\/\/www.karaiexclusiveracing.hu\/wp-content\/uploads\/2023\/10\/karai_exclusive_logo-1-1.png\",\"contentUrl\":\"https:\/\/www.karaiexclusiveracing.hu\/wp-content\/uploads\/2023\/10\/karai_exclusive_logo-1-1.png\",\"width\":1575,\"height\":435,\"caption\":\"K\u00e1rai Exclusive Racing\"},\"image\":{\"@id\":\"https:\/\/karaiexclusiveracing.hu\/#\/schema\/logo\/image\/\"},\"sameAs\":[\"https:\/\/www.facebook.com\/karaiexclusiveracing.hu\",\"https:\/\/www.instagram.com\/karaiexclusiveracing\/\"]}]}<\/script>\n<!-- \/ Yoast SEO Premium plugin. -->","yoast_head_json":{"title":"Mercedes-Benz CLK 500 Advantage Automata - K\u00e1rai Exclusive","description":"Leinform\u00e1lhat\u00f3 fut\u00e1steljes\u00edtm\u00e9nnyel, m\u00e1rkaszervizben szervizelt gy\u00e1ri f\u00e9nyez\u00e9ssel v\u00e1r \u00faj tulajdonos\u00e1ra ez a Mercedes-Benz CLK 500 Advantage.","robots":{"index":"index","follow":"follow","max-snippet":"max-snippet:-1","max-image-preview":"max-image-preview:large","max-video-preview":"max-video-preview:-1"},"canonical":"http:\/\/karaiexclusiveracing.hu\/de\/produkt\/mercedes-clk-500-advantage-gyari-allapot\/","og_locale":"de_DE","og_type":"article","og_title":"Mercedes-Benz CLK 500 Advantage Automata","og_description":"Leinform\u00e1lhat\u00f3 fut\u00e1steljes\u00edtm\u00e9nnyel, m\u00e1rkaszervizben szervizelt gy\u00e1ri f\u00e9nyez\u00e9ssel v\u00e1r \u00faj tulajdonos\u00e1ra ez a Mercedes-Benz CLK 500 Advantage.","og_url":"http:\/\/karaiexclusiveracing.hu\/de\/produkt\/mercedes-clk-500-advantage-gyari-allapot\/","og_site_name":"K\u00e1rai Exclusive","article_publisher":"https:\/\/www.facebook.com\/karaiexclusiveracing.hu","article_modified_time":"2025-05-05T16:48:06+00:00","og_image":[{"width":1024,"height":768,"url":"https:\/\/karaiexclusiveracing.hu\/wp-content\/uploads\/2025\/04\/IMG_6240-scaled-1-1024x768.png","type":"image\/png"}],"twitter_card":"summary_large_image","twitter_misc":{"Gesch\u00e4tzte Lesezeit":"1\u00a0Minute"},"schema":{"@context":"https:\/\/schema.org","@graph":[{"@type":"WebPage","@id":"http:\/\/karaiexclusiveracing.hu\/en\/product\/mercedes-clk-500-advantage-gyari-allapot\/","url":"http:\/\/karaiexclusiveracing.hu\/en\/product\/mercedes-clk-500-advantage-gyari-allapot\/","name":"Mercedes-Benz CLK 500 Advantage Automata - K\u00e1rai Exclusive","isPartOf":{"@id":"https:\/\/karaiexclusiveracing.hu\/#website"},"primaryImageOfPage":{"@id":"http:\/\/karaiexclusiveracing.hu\/en\/product\/mercedes-clk-500-advantage-gyari-allapot\/#primaryimage"},"image":{"@id":"http:\/\/karaiexclusiveracing.hu\/en\/product\/mercedes-clk-500-advantage-gyari-allapot\/#primaryimage"},"thumbnailUrl":"https:\/\/karaiexclusiveracing.hu\/wp-content\/uploads\/2025\/04\/IMG_6240-scaled-1.png","datePublished":"2025-04-07T08:50:33+00:00","dateModified":"2025-05-05T16:48:06+00:00","description":"Leinform\u00e1lhat\u00f3 fut\u00e1steljes\u00edtm\u00e9nnyel, m\u00e1rkaszervizben szervizelt gy\u00e1ri f\u00e9nyez\u00e9ssel v\u00e1r \u00faj tulajdonos\u00e1ra ez a Mercedes-Benz CLK 500 Advantage.","breadcrumb":{"@id":"http:\/\/karaiexclusiveracing.hu\/en\/product\/mercedes-clk-500-advantage-gyari-allapot\/#breadcrumb"},"inLanguage":"de","potentialAction":[{"@type":"ReadAction","target":["http:\/\/karaiexclusiveracing.hu\/en\/product\/mercedes-clk-500-advantage-gyari-allapot\/"]}]},{"@type":"ImageObject","inLanguage":"de","@id":"http:\/\/karaiexclusiveracing.hu\/en\/product\/mercedes-clk-500-advantage-gyari-allapot\/#primaryimage","url":"https:\/\/karaiexclusiveracing.hu\/wp-content\/uploads\/2025\/04\/IMG_6240-scaled-1.png","contentUrl":"https:\/\/karaiexclusiveracing.hu\/wp-content\/uploads\/2025\/04\/IMG_6240-scaled-1.png","width":2560,"height":1920},{"@type":"BreadcrumbList","@id":"http:\/\/karaiexclusiveracing.hu\/en\/product\/mercedes-clk-500-advantage-gyari-allapot\/#breadcrumb","itemListElement":[{"@type":"ListItem","position":1,"name":"Kezd\u0151lap","item":"https:\/\/karaiexclusiveracing.hu\/"},{"@type":"ListItem","position":2,"name":"Elad\u00f3 aut\u00f3k","item":"https:\/\/karaiexclusiveracing.hu\/elado-autok\/"},{"@type":"ListItem","position":3,"name":"Mercedes-Benz CLK 500 Advantage Automata"}]},{"@type":"WebSite","@id":"https:\/\/karaiexclusiveracing.hu\/#website","url":"https:\/\/karaiexclusiveracing.hu\/","name":"K\u00e1rai Exclusive Racing","description":"","publisher":{"@id":"https:\/\/karaiexclusiveracing.hu\/#organization"},"potentialAction":[{"@type":"SearchAction","target":{"@type":"EntryPoint","urlTemplate":"https:\/\/karaiexclusiveracing.hu\/?s={search_term_string}"},"query-input":{"@type":"PropertyValueSpecification","valueRequired":true,"valueName":"search_term_string"}}],"inLanguage":"de"},{"@type":"Organization","@id":"https:\/\/karaiexclusiveracing.hu\/#organization","name":"K\u00e1rai Exclusive Racing","url":"https:\/\/karaiexclusiveracing.hu\/","logo":{"@type":"ImageObject","inLanguage":"de","@id":"https:\/\/karaiexclusiveracing.hu\/#\/schema\/logo\/image\/","url":"https:\/\/www.karaiexclusiveracing.hu\/wp-content\/uploads\/2023\/10\/karai_exclusive_logo-1-1.png","contentUrl":"https:\/\/www.karaiexclusiveracing.hu\/wp-content\/uploads\/2023\/10\/karai_exclusive_logo-1-1.png","width":1575,"height":435,"caption":"K\u00e1rai Exclusive Racing"},"image":{"@id":"https:\/\/karaiexclusiveracing.hu\/#\/schema\/logo\/image\/"},"sameAs":["https:\/\/www.facebook.com\/karaiexclusiveracing.hu","https:\/\/www.instagram.com\/karaiexclusiveracing\/"]}]}},"_links":{"self":[{"href":"https:\/\/karaiexclusiveracing.hu\/de\/wp-json\/wp\/v2\/product\/22781","targetHints":{"allow":["GET"]}}],"collection":[{"href":"https:\/\/karaiexclusiveracing.hu\/de\/wp-json\/wp\/v2\/product"}],"about":[{"href":"https:\/\/karaiexclusiveracing.hu\/de\/wp-json\/wp\/v2\/types\/product"}],"wp:featuredmedia":[{"embeddable":true,"href":"https:\/\/karaiexclusiveracing.hu\/de\/wp-json\/wp\/v2\/media\/22922"}],"wp:attachment":[{"href":"https:\/\/karaiexclusiveracing.hu\/de\/wp-json\/wp\/v2\/media?parent=22781"}],"wp:term":[{"taxonomy":"manufactures","embeddable":true,"href":"https:\/\/karaiexclusiveracing.hu\/de\/wp-json\/wp\/v2\/manufactures?post=22781"},{"taxonomy":"product_brand","embeddable":true,"href":"https:\/\/karaiexclusiveracing.hu\/de\/wp-json\/wp\/v2\/product_brand?post=22781"},{"taxonomy":"product_cat","embeddable":true,"href":"https:\/\/karaiexclusiveracing.hu\/de\/wp-json\/wp\/v2\/product_cat?post=22781"},{"taxonomy":"product_tag","embeddable":true,"href":"https:\/\/karaiexclusiveracing.hu\/de\/wp-json\/wp\/v2\/product_tag?post=22781"}],"curies":[{"name":"wp","href":"https:\/\/api.w.org\/{rel}","templated":true}]}}