{"id":24353,"date":"2026-03-09T10:43:01","date_gmt":"2026-03-09T09:43:01","guid":{"rendered":"https:\/\/www.karaiexclusiveracing.hu\/?page_id=24353"},"modified":"2026-03-09T10:56:41","modified_gmt":"2026-03-09T09:56:41","slug":"a-sz-f","status":"publish","type":"page","link":"https:\/\/karaiexclusiveracing.hu\/de\/a-sz-f\/","title":{"rendered":"\u00c1.SZ.F."},"content":{"rendered":"<div data-elementor-type=\"wp-page\" data-elementor-id=\"24353\" class=\"elementor elementor-24353\" data-elementor-settings=\"{&quot;ha_cmc_init_switcher&quot;:&quot;no&quot;}\" data-elementor-post-type=\"page\">\n\t\t\t\t<div class=\"elementor-element elementor-element-81e6872 e-flex e-con-boxed e-con e-parent\" data-id=\"81e6872\" data-element_type=\"container\" data-e-type=\"container\" data-settings=\"{&quot;background_background&quot;:&quot;classic&quot;,&quot;_ha_eqh_enable&quot;:false}\">\n\t\t\t\t\t<div class=\"e-con-inner\">\n\t\t\t\t<div class=\"elementor-element elementor-element-5c4aa82 elementor-widget elementor-widget-heading\" data-id=\"5c4aa82\" data-element_type=\"widget\" data-e-type=\"widget\" data-widget_type=\"heading.default\">\n\t\t\t\t<div class=\"elementor-widget-container\">\n\t\t\t\t\t<h1 class=\"elementor-heading-title elementor-size-default\">\u00c1.SZ.F.<\/h1>\t\t\t\t<\/div>\n\t\t\t\t<\/div>\n\t\t\t\t\t<\/div>\n\t\t\t\t<\/div>\n\t\t<div class=\"elementor-element elementor-element-2e1adba e-flex e-con-boxed e-con e-parent\" data-id=\"2e1adba\" data-element_type=\"container\" data-e-type=\"container\" data-settings=\"{&quot;background_background&quot;:&quot;classic&quot;,&quot;_ha_eqh_enable&quot;:false}\">\n\t\t\t\t\t<div class=\"e-con-inner\">\n\t\t\t\t<div class=\"elementor-element elementor-element-690dfdf elementor-widget elementor-widget-text-editor\" data-id=\"690dfdf\" data-element_type=\"widget\" data-e-type=\"widget\" data-widget_type=\"text-editor.default\">\n\t\t\t\t<div class=\"elementor-widget-container\">\n\t\t\t\t\t\t\t\t\t<p><strong>K\u00e1rai Exclusive Racing Korl\u00e1tolt Felel\u0151ss\u00e9g\u0171 T\u00e1rsas\u00e1g<\/strong><\/p><p><strong>\u00c1ltal\u00e1nos Szerz\u0151d\u00e9si Felt\u00e9telek<\/strong><\/p><p>Jelen \u00c1ltal\u00e1nos Szerz\u0151d\u00e9si Felt\u00e9telek (a tov\u00e1bbiakban: \u00c1SZF) a K\u00e1rai Exclusive Racing Korl\u00e1tolt Felel\u0151ss\u00e9g\u0171 T\u00e1rsas\u00e1g (r\u00f6vid\u00edtett elnevez\u00e9s: K\u00e1rai Exclusive Racing Kft., sz\u00e9khely: 5900 Orosh\u00e1za, Igl\u00f3i \u00fat 77., c\u00e9get nyilv\u00e1ntart\u00f3 c\u00e9gb\u00edr\u00f3s\u00e1g: Gyulai T\u00f6rv\u00e9nysz\u00e9k C\u00e9gb\u00edr\u00f3s\u00e1ga, c\u00e9gjegyz\u00e9ksz\u00e1m: 04-09-013396, ad\u00f3sz\u00e1m: 25297937-2-04, statisztikai sz\u00e1mjel: 25297937-4511-113-04, k\u00e9pviseli: K\u00e1rai P\u00e9ter \u00fcgyvezet\u0151) mint Elad\u00f3 (a tov\u00e1bbiakban: Elad\u00f3) \u00e1ltal forgalmazott term\u00e9kek (a tov\u00e1bbiakban: Term\u00e9kek) t\u00e1rgy\u00e1ban l\u00e9trej\u00f6v\u0151 ad\u00e1sv\u00e9teli szerz\u0151d\u00e9sekre ir\u00e1nyad\u00f3, azok elv\u00e1laszthatatlan r\u00e9sz\u00e9t k\u00e9pezi.\u00a0<\/p><ol class=\"wp-block-list\"><li><ol class=\"wp-block-list\"><li><strong>Az Elad\u00f3 adatai:<\/strong><\/li><\/ol><\/li><\/ol><p><strong><em><br \/>N\u00e9v<\/em><\/strong>: K\u00e1rai Exclusive Racing Korl\u00e1tolt Felel\u0151ss\u00e9g\u0171 T\u00e1rsas\u00e1g<\/p><p><strong><em>R\u00f6vid\u00edtett elnevez\u00e9s<\/em><\/strong>: K\u00e1rai Exclusive Racing Kft.<\/p><p><strong><em>Sz\u00e9khely<\/em><\/strong>: 5900 Orosh\u00e1za, Igl\u00f3i \u00fat 77.<\/p><p><strong><em>\u00dczlet, \u00e1tv\u00e9teli pont c\u00edme<\/em><\/strong>: 5900 Orosh\u00e1za, Szarvasi utca 15.<\/p><p><strong><em>C\u00e9get nyilv\u00e1ntart\u00f3 hat\u00f3s\u00e1g<\/em><\/strong>: Gyulai T\u00f6rv\u00e9nysz\u00e9k C\u00e9gb\u00edr\u00f3s\u00e1ga<\/p><p><strong><em>Ad\u00f3sz\u00e1m<\/em><\/strong>: 25297937-2-04<\/p><p><strong><em>C\u00e9gjegyz\u00e9ksz\u00e1m<\/em><\/strong>: 04-09-013396<\/p><p><strong><em>K\u00e9pvisel\u0151<\/em><\/strong>: K\u00e1rai P\u00e9ter<\/p><p><strong><em>Telefonsz\u00e1m<\/em><\/strong>: 06-30-282-3928<\/p><p><strong><em>E-mail c\u00edm<\/em><\/strong>: info@karaiexclusiveracing.hu<\/p><p><strong><em>Honlap<\/em><\/strong>: https:\/\/www.karaiexclusiveracing.hu\/<\/p><p><strong>T\u00e1rhelyszolg\u00e1ltat\u00f3 adatai<\/strong>:<\/p><p><strong><em>N\u00e9v<\/em><\/strong>: T\u00e1rhely.Eu Szolg\u00e1ltat\u00f3 Kft.<\/p><p><strong><em>Sz\u00e9khely<\/em><\/strong>: 1097\u00a0Budapest,\u00a0K\u00f6nyves K\u00e1lm\u00e1n k\u00f6r\u00fat 12-14.<\/p><p><strong><em>El\u00e9rhet\u0151s\u00e9g<\/em><\/strong>: <a href=\"tel:+36 1 789-2-789\">+36 1 789-2-789<\/a><\/p><ol class=\"wp-block-list\"><li><ol class=\"wp-block-list\"><li><strong>Fogalmak<\/strong><\/li><\/ol><\/li><\/ol><p><strong><em>Elad\u00f3<\/em><\/strong>: a Vev\u0151 \u00e1ltal tett v\u00e9teli aj\u00e1nlatot elfogad\u00f3, ad\u00e1sv\u00e9teli szerz\u0151d\u00e9st k\u00f6t\u0151 gazdas\u00e1gi t\u00e1rsas\u00e1g.<\/p><p><strong><em>Felek<\/em><\/strong>: az Elad\u00f3 \u00e9s a Vev\u0151 egy\u00fcttesen.<\/p><p><strong><em>Fogyaszt\u00f3<\/em><\/strong>: olyan Vev\u0151, aki a szakm\u00e1ja, \u00f6n\u00e1ll\u00f3 foglalkoz\u00e1sa vagy \u00fczleti tev\u00e9kenys\u00e9ge k\u00f6r\u00e9n k\u00edv\u00fcl elj\u00e1r\u00f3 term\u00e9szetes szem\u00e9ly.\u00a0<\/p><p><strong><em>Webshop<\/em><\/strong>: a <a href=\"https:\/\/karaiexclusiveracing.hu\/de\/\">https:\/\/www.karaiexclusiveracing.hu\/<\/a> weboldal, amely a t\u00e1voll\u00e9v\u0151k k\u00f6z\u00f6tti kommunik\u00e1ci\u00f3t lehet\u0151v\u00e9 t\u00e9v\u0151 eszk\u00f6znek min\u0151s\u00fcl, \u00e9s amely a jelen \u00c1SZF hat\u00e1lya al\u00e1 tartoz\u00f3 szerz\u0151d\u00e9sek megk\u00f6t\u00e9s\u00e9re szolg\u00e1l.<\/p><p><strong><em>Ad\u00e1sv\u00e9teli szerz\u0151d\u00e9s (a tov\u00e1bbiakban: Szerz\u0151d\u00e9s)<\/em><\/strong>: a Vev\u0151 \u00e1ltal leadott megrendel\u00e9s az Elad\u00f3 \u00e1ltal forgalmazott Term\u00e9kek megv\u00e1s\u00e1rl\u00e1sa t\u00e1rgy\u00e1ban \u00e9s annak az Elad\u00f3 \u00e1ltal t\u00f6rt\u00e9n\u0151 visszaigazol\u00e1sa, tov\u00e1bb\u00e1 minden olyan meg\u00e1llapod\u00e1s, amely a Term\u00e9kek Elad\u00f3 \u00e1ltal a Vev\u0151 r\u00e9sz\u00e9re t\u00f6rt\u00e9n\u0151 \u00e9rt\u00e9kes\u00edt\u00e9s\u00e9re ir\u00e1nyul. Valamennyi Szerz\u0151d\u00e9s elv\u00e1laszthatatlan r\u00e9sz\u00e9t k\u00e9pezi jelen \u00c1SZF, valamint a Feleknek a jelen \u00c1SZF-t\u0151l elt\u00e9r\u0151 rendelkez\u00e9seket tartalmaz\u00f3 \u00edr\u00e1sbeli meg\u00e1llapod\u00e1sa.<\/p><p><strong><em>T\u00e1voll\u00e9v\u0151k k\u00f6z\u00f6tti kommunik\u00e1ci\u00f3t lehet\u0151v\u00e9 t\u00e9v\u0151 eszk\u00f6z<\/em><\/strong>: olyan eszk\u00f6z, amely alkalmas a Felek t\u00e1voll\u00e9t\u00e9ben \u2013 szerz\u0151d\u00e9s megk\u00f6t\u00e9se \u00e9rdek\u00e9ben \u2013 szerz\u0151d\u00e9si nyilatkozat megt\u00e9tel\u00e9re. Ilyen eszk\u00f6znek min\u0151s\u00fcl k\u00fcl\u00f6n\u00f6sen a c\u00edmzett vagy c\u00edmz\u00e9s n\u00e9lk\u00fcli nyomtatv\u00e1ny, a szabv\u00e1nylev\u00e9l, a sajt\u00f3term\u00e9kben k\u00f6zz\u00e9tett hirdet\u00e9s megrendel\u0151lappal, a katal\u00f3gus, a telefon, a telefax, valamint az internetes hozz\u00e1f\u00e9r\u00e9st biztos\u00edt\u00f3 eszk\u00f6z.\u00a0<\/p><p><strong><em>T\u00e1voll\u00e9v\u0151k k\u00f6z\u00f6tt k\u00f6t\u00f6tt szerz\u0151d\u00e9s<\/em><\/strong>: olyan Szerz\u0151d\u00e9s, amelyet a Szerz\u0151d\u00e9s szerinti term\u00e9k vagy szolg\u00e1ltat\u00e1s ny\u00fajt\u00e1s\u00e1ra szervezett t\u00e1v\u00e9rt\u00e9kes\u00edt\u00e9si rendszer keret\u00e9ben a Felek egyidej\u0171 fizikai jelenl\u00e9te n\u00e9lk\u00fcl \u00fagy k\u00f6tnek meg, hogy a Szerz\u0151d\u00e9s megk\u00f6t\u00e9se \u00e9rdek\u00e9ben a szerz\u0151d\u0151 Felek kiz\u00e1r\u00f3lag t\u00e1voll\u00e9v\u0151k k\u00f6z\u00f6tti kommunik\u00e1ci\u00f3t lehet\u0151v\u00e9 tev\u0151 eszk\u00f6zt alkalmaznak.\u00a0<\/p><p><strong><em>Term\u00e9k<\/em><\/strong>: a Webshop k\u00edn\u00e1lat\u00e1ban szerepl\u0151, a Webshopon kereszt\u00fcl \u00e9rt\u00e9kes\u00edt\u00e9sre sz\u00e1nt minden birtokba vehet\u0151 forgalomk\u00e9pes, haszn\u00e1lt ing\u00f3 dolog, amely a Szerz\u0151d\u00e9s t\u00e1rgy\u00e1t k\u00e9pezi. Jelen \u00c1SZF vonatkoz\u00e1s\u00e1ban ilyen haszn\u00e1lt dolognak min\u0151s\u00fcl k\u00fcl\u00f6n\u00f6sen a haszn\u00e1lt g\u00e9pkocsialkatr\u00e9sz, gumiabroncs, tov\u00e1bb\u00e1 egy\u00e9b, az Elad\u00f3 aktu\u00e1lis term\u00e9klist\u00e1j\u00e1ban szerepl\u0151 valamennyi term\u00e9k.<\/p><p><strong><em>V\u00e1llalkoz\u00e1s<\/em><\/strong>: a szakm\u00e1ja, \u00f6n\u00e1ll\u00f3 foglalkoz\u00e1sa vagy \u00fczleti tev\u00e9kenys\u00e9ge k\u00f6r\u00e9ben elj\u00e1r\u00f3 szem\u00e9ly.\u00a0<\/p><p><strong><em>Vev\u0151<\/em><\/strong>: a Webshopon kereszt\u00fcl v\u00e9teli aj\u00e1nlatot tev\u0151 \u00e9s az Elad\u00f3val Szerz\u0151d\u00e9st k\u00f6t\u0151 b\u00e1rmely term\u00e9szetes szem\u00e9ly, jogi szem\u00e9ly vagy szervezet.<\/p><ol class=\"wp-block-list\"><li><ol class=\"wp-block-list\"><li><strong>A Webshop haszn\u00e1lata<\/strong><\/li><\/ol><\/li><\/ol><p><strong><em>III.1.\u00a0\u00a0\u00a0\u00a0\u00a0Regisztr\u00e1ci\u00f3<\/em><\/strong><\/p><p>A Webshop haszn\u00e1lat\u00e1hoz nem sz\u00fcks\u00e9ges a Vev\u0151 regisztr\u00e1ci\u00f3ja.\u00a0<\/p><p>Milyen adatokat kell megadnia a v\u00e1s\u00e1rl\u00e1skor?<\/p><p><strong><em>III.2.\u00a0\u00a0\u00a0\u00a0\u00a0Megrendel\u00e9s<\/em><\/strong><\/p><p>A Webshopra t\u00f6rt\u00e9n\u0151 bel\u00e9p\u00e9st k\u00f6vet\u0151en a Shop fel\u00fcleten lehet kiv\u00e1lasztani a megfelel\u0151 Term\u00e9kkateg\u00f3ri\u00e1t.\u00a0<\/p><p>A megadott Term\u00e9kkateg\u00f3ri\u00e1n bel\u00fcl kiv\u00e1laszthat\u00f3 a megfelel\u0151 Term\u00e9k,\u00a0amelynek nev\u00e9t, le\u00edr\u00e1s\u00e1t \u00e9s \u00e1r\u00e1t az Elad\u00f3 a Webshopban r\u00e9szletesen felt\u00fcnteti. A kiv\u00e1lasztott Term\u00e9k a Kos\u00e1r gomb seg\u00edts\u00e9g\u00e9vel helyezhet\u0151 a Kos\u00e1rba, a gomb mellett a sz\u00fcks\u00e9ges darabsz\u00e1m be\u00e1ll\u00edthat\u00f3 a k\u00e9szlet erej\u00e9ig.\u00a0\u00a0A Vev\u0151 a Kos\u00e1r tartalm\u00e1t a Kos\u00e1r men\u00fcpont seg\u00edts\u00e9g\u00e9vel ellen\u0151rizheti, ahol m\u00f3dos\u00edthatja, hogy a Kos\u00e1rba tett Term\u00e9kb\u0151l mekkora mennyis\u00e9get k\u00edv\u00e1n rendelni, illetve t\u00f6r\u00f6lheti az adott t\u00e9telt. A Kos\u00e1r \u00fcr\u00edt\u00e9se gomb seg\u00edts\u00e9g\u00e9vel lehet\u0151s\u00e9g van a Kos\u00e1r teljes tartalm\u00e1nak t\u00f6rl\u00e9s\u00e9re is.\u00a0<\/p><p>A Vev\u0151 a Kos\u00e1rn\u00e1l tal\u00e1lhat\u00f3 Megrendel\u00e9s gombra kattintva folytathatja a v\u00e1s\u00e1rl\u00e1si folyamatot, amely sor\u00e1n a megjelen\u0151 fel\u00fcleten a Kos\u00e1r tartalma ism\u00e9telten ellen\u0151rizhet\u0151, \u00e9s a megrendel\u00e9s megszak\u00edt\u00e1s\u00e1ra is van lehet\u0151s\u00e9g. A megrendel\u00e9s a Megrendel\u00e9s v\u00e9gleges\u00edt\u00e9se gombra kattintva ker\u00fcl megk\u00fcld\u00e9sre az Elad\u00f3 r\u00e9sz\u00e9re, amellyel a Vev\u0151 tudom\u00e1sul veszi, hogy fizet\u00e9si k\u00f6telezetts\u00e9ge keletkezik.<\/p><p>A folyamatban l\u00e9v\u0151 \u00e9s a kor\u00e1bbi, lez\u00e1rt megrendel\u00e9sek a \u201eRendel\u00e9seim\u201d men\u00fcpont alatt k\u00f6vethet\u0151k.<\/p><p>A Vev\u0151 a rendel\u00e9sr\u0151l el\u0151sz\u00f6r egy automata visszajelz\u00e9st kap, amely r\u00f6gz\u00edti annak t\u00e9ny\u00e9t, hogy a Vev\u0151 megrendel\u00e9se a Webshopon kereszt\u00fcl meg\u00e9rkezett, valamint tartalmazza a megrendel\u00e9s r\u00e9szleteit \u00e9s a megrendel\u00e9s azonos\u00edt\u00f3 sz\u00e1m\u00e1t, azonban ez a visszaigazol\u00e1s m\u00e9g nem min\u0151s\u00fcl a Vev\u0151 aj\u00e1nlata elfogad\u00e1s\u00e1nak.<\/p><p>Amennyiben a Vev\u0151 a megrendel\u00e9s\u00e9t\u0151l sz\u00e1m\u00edtott 24 \u00f3r\u00e1n bel\u00fcl nem kapja meg az automata visszaigazol\u00f3 e-mailt, c\u00e9lszer\u0171 felvennie a kapcsolatot az Elad\u00f3val, el\u0151fordulhat ugyanis, hogy a megrendel\u00e9s technikai okok miatt nem \u00e9rkezett meg az Elad\u00f3 rendszer\u00e9be.<\/p><p>Az Elad\u00f3 a Vev\u0151 aj\u00e1nlat\u00e1nak elk\u00fcld\u00e9s\u00e9t k\u00f6vet\u0151en egy m\u00e1sodik e-mail \u00fatj\u00e1n visszaigazolja a megrendel\u00e9s feldolgoz\u00e1s\u00e1t. A Felek k\u00f6z\u00f6tti Szerz\u0151d\u00e9s akkor j\u00f6n l\u00e9tre, amikor az Elad\u00f3 \u00e1ltal megk\u00fcld\u00f6tt m\u00e1sodik visszaigazol\u00f3 email a Vev\u0151 sz\u00e1m\u00e1ra a levelez\u0151rendszer\u00e9ben hozz\u00e1f\u00e9rhet\u0151v\u00e9 v\u00e1lik. Amennyiben e visszaigazol\u00e1s a Vev\u0151 megrendel\u00e9s\u00e9nek elk\u00fcld\u00e9s\u00e9t\u0151l sz\u00e1m\u00edtott, a szolg\u00e1ltat\u00e1s jelleg\u00e9t\u0151l f\u00fcgg\u0151 elv\u00e1rhat\u00f3 hat\u00e1rid\u0151n bel\u00fcl, de legk\u00e9s\u0151bb 48 \u00f3r\u00e1n bel\u00fcl nem \u00e9rkezik meg a Vev\u0151h\u00f6z, a Vev\u0151 az aj\u00e1nlati k\u00f6t\u00f6tts\u00e9g, illet\u0151leg a szerz\u0151d\u00e9ses k\u00f6telezetts\u00e9g al\u00f3l mentes\u00fcl. A megrendel\u00e9s \u00e9s annak visszaigazol\u00e1sa akkor tekintend\u0151 az Elad\u00f3hoz, illetve a Vev\u0151h\u00f6z meg\u00e9rkezettnek, amikor az a sz\u00e1mukra hozz\u00e1f\u00e9rhet\u0151v\u00e9 v\u00e1lik.\u00a0<\/p><p>Az ad\u00e1sv\u00e9teli szerz\u0151d\u00e9s vonatkoz\u00e1s\u00e1ban a visszaigazol\u00f3 email a szerz\u0151d\u00e9sk\u00f6t\u00e9s tart\u00f3s adathordoz\u00f3n t\u00f6rt\u00e9n\u0151 visszaigazol\u00e1sak\u00e9nt min\u0151s\u00fcl, amelynek alkalmaz\u00e1s\u00e1hoz a Vev\u0151 a jelen \u00c1SZF elfogad\u00e1s\u00e1val beleegyez\u00e9s\u00e9t adja.<\/p><p><strong><em><br \/>III.3.\u00a0\u00a0\u00a0\u00a0\u00a0Az adatbeviteli hib\u00e1k jav\u00edt\u00e1sa \u2013 Felel\u0151ss\u00e9g a megadott adatok val\u00f3s\u00e1g\u00e1\u00e9rt\u00a0<\/em><\/strong><\/p><p>Az Elad\u00f3 a megrendel\u00e9st akkor fogadja el, ha a Vev\u0151 az adatainak regisztr\u00e1ci\u00f3jakor \u00e9s a megrendel\u00e9s lead\u00e1sakor az oldalon tal\u00e1lhat\u00f3 mez\u0151ket marad\u00e9ktalanul, val\u00f3s adatokkal kit\u00f6lti. Ennek elmulaszt\u00e1s\u00e1b\u00f3l ered\u0151 k\u00e1rok\u00e9rt, illetve a folyamat k\u00f6zben felmer\u00fcl\u0151 technikai, k\u00fcl\u00f6n\u00f6sen az internetkapcsolattal \u00f6sszef\u00fcgg\u00e9sben felmer\u00fcl\u0151 fennakad\u00e1sok\u00e9rt az Elad\u00f3 nem v\u00e1llal felel\u0151ss\u00e9get.<\/p><p>A Vev\u0151nek a megrendel\u00e9s sor\u00e1n a megrendel\u00e9s v\u00e9gleges\u00edt\u00e9se el\u0151tt folyamatosan lehet\u0151s\u00e9ge van az \u00e1ltala bevitt adatok m\u00f3dos\u00edt\u00e1s\u00e1ra (a b\u00f6ng\u00e9sz\u0151ben a vissza gombra kattintva az el\u0151z\u0151 oldal ny\u00edlik meg, \u00edgy akkor is jav\u00edthat\u00f3k a bevitt adatok, ha a Vev\u0151 m\u00e1r a k\u00f6vetkez\u0151 oldalra l\u00e9pett). A Vev\u0151 felel\u0151ss\u00e9ggel tartozik az \u00e1ltala megadott adatok pontoss\u00e1g\u00e1\u00e9rt \u00e9s val\u00f3s\u00e1g\u00e1\u00e9rt, tekintettel arra, hogy sz\u00e1mla ki\u00e1ll\u00edt\u00e1s\u00e1ra, valamint a Term\u00e9k sz\u00e1ll\u00edt\u00e1s\u00e1ra a Vev\u0151 \u00e1ltal megadott adatok alapj\u00e1n ker\u00fcl sor. A hib\u00e1san megadott e-mail el\u00e9rhet\u0151s\u00e9g vagy a postafi\u00f3khoz tartoz\u00f3 t\u00e1rhely tel\u00edtetts\u00e9ge a visszaigazol\u00e1s k\u00e9zbes\u00edt\u00e9s\u00e9nek sikertelens\u00e9g\u00e9t eredm\u00e9nyezheti \u00e9s megg\u00e1tolhatja a Szerz\u0151d\u00e9s l\u00e9trej\u00f6tt\u00e9t.<\/p><p>Amennyiben valamely adatbeviteli hib\u00e1t a Vev\u0151 csak az els\u0151 visszaigazol\u00f3 email alapj\u00e1n \u00e9szleli, \u00fagy k\u00f6teles ennek jav\u00edt\u00e1s\u00e1t kezdem\u00e9nyezni a helyes adatok megad\u00e1s\u00e1val egyidej\u0171leg a visszaigazol\u00f3 email alapj\u00e1n 1 (egy) munkanapon bel\u00fcl k\u00fcld\u00f6tt v\u00e1lasz email \u00fatj\u00e1n. Ebben az esetben az Elad\u00f3 a Szerz\u0151d\u00e9s teljes\u00edt\u00e9s\u00e9t felf\u00fcggeszti mindaddig, ameddig a Vev\u0151 megkeres\u00e9se alapj\u00e1n a jav\u00edt\u00e1s megt\u00f6rt\u00e9nik \u00e9s a jav\u00edtott adatok helyess\u00e9g\u00e9t a Vev\u0151 meger\u0151s\u00edti.<\/p><p><strong><em>III.4.\u00a0\u00a0\u00a0\u00a0\u00a0\u00c1rak<\/em><\/strong><\/p><p>A felt\u00fcntetett \u00e1rak magyar forintban kifejezett \u00e1rak, amelyek minden esetben tartalmazz\u00e1k a 27%-os \u00e1ltal\u00e1nos forgalmi ad\u00f3t, a h\u00e1zhozsz\u00e1ll\u00edt\u00e1s k\u00f6lts\u00e9geit azonban nem.\u00a0<\/p><p>Nem z\u00e1rhat\u00f3 ki annak a lehet\u0151s\u00e9ge, hogy \u00fczletpolitikai okokb\u00f3l az Elad\u00f3 az \u00e1rakat m\u00f3dos\u00edtsa. Az \u00e1rak m\u00f3dos\u00edt\u00e1sa nem terjed ki a m\u00e1r megk\u00f6t\u00f6tt Szerz\u0151d\u00e9sekre. Amennyiben az Elad\u00f3 az \u00e1rat hib\u00e1san t\u00fcntette fel, \u00e9s megrendel\u00e9s \u00e9rkezett a Term\u00e9kre, de a Szerz\u0151d\u00e9s m\u00e9g nem j\u00f6tt l\u00e9tre a Felek k\u00f6z\u00f6tt, \u00fagy a jelen \u00c1SZF III.5. pontja alkalmazand\u00f3.<\/p><p><strong><em>III.5.\u00a0\u00a0\u00a0\u00a0\u00a0Elj\u00e1r\u00e1s hib\u00e1s \u00e1r eset\u00e9n<\/em><\/strong><\/p><p>Nyilv\u00e1nval\u00f3an hib\u00e1san felt\u00fcntetett \u00e1rnak min\u0151s\u00fcl a 0,-Ft-os \u00e1r, tov\u00e1bb\u00e1 a kedvezm\u00e9nnyel cs\u00f6kkentett, de a kedvezm\u00e9nyt t\u00e9vesen felt\u00fcntet\u0151 \u00e1r (pl.: 1.000,-Ft-os alap\u00e1r\u00fa Term\u00e9k eset\u00e9n a 20%-os kedvezm\u00e9ny felt\u00fcntet\u00e9se mellett 500,-Ft-\u00e9rt k\u00edn\u00e1lt Term\u00e9k).<\/p><p>Hib\u00e1s \u00e1r felt\u00fcntet\u00e9se eset\u00e9n az Elad\u00f3 felaj\u00e1nlja a Vev\u0151 sz\u00e1m\u00e1ra a Term\u00e9k val\u00f3s \u00e1ron t\u00f6rt\u00e9n\u0151 megv\u00e1s\u00e1rl\u00e1s\u00e1nak lehet\u0151s\u00e9g\u00e9t, amely inform\u00e1ci\u00f3 birtok\u00e1ban a Vev\u0151 eld\u00f6ntheti, hogy megrendeli val\u00f3s \u00e1ron a Term\u00e9ket vagy b\u00e1rmely h\u00e1tr\u00e1nyos jogk\u00f6vetkezm\u00e9ny alkalmaz\u00e1sa n\u00e9lk\u00fcl el\u00e1ll a megrendel\u00e9st\u0151l.<\/p><p><strong><em>III.6.\u00a0\u00a0\u00a0\u00a0\u00a0Teljes\u00edt\u00e9si hat\u00e1rid\u0151<\/em><\/strong><\/p><p>A megrendel\u00e9s teljes\u00edt\u00e9s\u00e9re vonatkoz\u00f3 \u00e1ltal\u00e1nos teljes\u00edt\u00e9si hat\u00e1rid\u0151 a megrendel\u00e9s feldolgoz\u00e1s\u00e1r\u00f3l sz\u00f3l\u00f3, azaz a m\u00e1sodik visszaigazol\u00e1st\u00f3l sz\u00e1m\u00edtott legfeljebb \u2026\u2026\u2026.. napt\u00e1ri nap. Amennyiben valamely Term\u00e9k nincs rakt\u00e1rk\u00e9szleten, \u00e9s a beszerz\u00e9s\u00e9nek ideje meghaladja a \u2026\u2026\u2026\u2026\u2026.. napt\u00e1ri napos hat\u00e1rid\u0151t, \u00fagy az Elad\u00f3 a Vev\u0151 \u00e1ltal megadott el\u00e9rhet\u0151s\u00e9gek valamelyik\u00e9n a m\u00e1sodik visszaigazol\u00e1st megel\u0151z\u0151en felveszi a kapcsolatot a Vev\u0151vel a sz\u00e1ll\u00edt\u00e1si hat\u00e1rid\u0151 k\u00f6zl\u00e9se v\u00e9gett, amely inform\u00e1ci\u00f3 birtok\u00e1ban a Vev\u0151 eld\u00f6ntheti, hogy a megrendel\u00e9s\u00e9t tov\u00e1bbra is fenn k\u00edv\u00e1nja tartani vagy b\u00e1rmely h\u00e1tr\u00e1nyos jogk\u00f6vetkezm\u00e9ny alkalmaz\u00e1sa n\u00e9lk\u00fcl el\u00e1ll a megrendel\u00e9st\u0151l.<\/p><p><strong><em>III.7.\u00a0\u00a0\u00a0\u00a0\u00a0Sz\u00e1ll\u00edt\u00e1si m\u00f3dok<\/em><\/strong><\/p><p>A csomagokat a <b>GLS General Logistics Systems Hungary Csomag-Logisztikai Kft.<\/b> sz\u00e1ll\u00edtja h\u00e1zhoz.<\/p><p><em>Szem\u00e9lyes \u00e1tv\u00e9tel<\/em>: a Term\u00e9k Vev\u0151 \u00e1ltali szem\u00e9lyes \u00e1tv\u00e9tel\u00e9re az Elad\u00f3 5900 Orosh\u00e1za, Szarvasi utca 15. sz\u00e1m alatti telephely c\u00edm\u00e9n a megrendel\u00e9s sz\u00e1m\u00edtott 5 napt\u00e1ri napon bel\u00fcl van lehet\u0151s\u00e9g. A hat\u00e1rid\u0151ben \u00e1t nem vett megrendel\u00e9st az Elad\u00f3 semmisnek tekinti, \u00e9s a Term\u00e9ket \u00fajb\u00f3l elad\u00e1sra k\u00edn\u00e1lja.\u00a0<\/p><p><strong><em>III.8.\u00a0\u00a0\u00a0\u00a0\u00a0Fizet\u00e9si m\u00f3dok<\/em><\/strong><\/p><p>A fizet\u00e9si er\u0151re utal\u00e1ssal az Elad\u00f3 \u00e1ltal megadott banksz\u00e1mlasz\u00e1mra vagy bankk\u00e1rty\u00e1s fizet\u00e9ssel t\u00f6rt\u00e9nhet a SimplePay rendszer\u00e9n kereszt\u00fcl.<\/p><p>Tudom\u00e1sul veszem, hogy a(z) K\u00e1rai Exclusive Racing Kft. (sz\u00e9khely: 5900 Orosh\u00e1za, Igl\u00f3i \u00fat 77.) adatkezel\u0151 \u00e1ltal az karaiexclusiveracing.hu felhaszn\u00e1l\u00f3i adatb\u00e1zis\u00e1ban t\u00e1rolt al\u00e1bbi szem\u00e9lyes adataim \u00e1tad\u00e1sra ker\u00fclnek a SimplePay Zrt., mint adatfeldolgoz\u00f3 r\u00e9sz\u00e9re. Az adatkezel\u0151 \u00e1ltal tov\u00e1bb\u00edtott adatok k\u00f6re megtal\u00e1lhat\u00f3 az\u00a0<a href=\"https:\/\/karaiexclusiveracing.hu\/de\/adatkezelesi-tajekoztato\/\">adatkezel\u00e9si t\u00e1j\u00e9koztat\u00f3ban<\/a>. Az adatfeldolgoz\u00f3 \u00e1ltal v\u00e9gzett adatfeldolgoz\u00e1si tev\u00e9kenys\u00e9g jellege \u00e9s c\u00e9lja a SimplePay Adatkezel\u00e9si t\u00e1j\u00e9koztat\u00f3ban, az al\u00e1bbi linken tekinthet\u0151 meg:\u00a0<a title=\"https:\/\/simplepay.hu\/adatkezelesi-tajekoztatok\/\" href=\"https:\/\/simplepay.hu\/adatkezelesi-tajekoztatok\/\" target=\"_blank\" rel=\"noopener\" data-saferedirecturl=\"https:\/\/www.google.com\/url?q=https:\/\/simplepay.hu\/adatkezelesi-tajekoztatok\/&amp;source=gmail&amp;ust=1765805985927000&amp;usg=AOvVaw1p9yx1ZHmTiHvw92yAv1Wy\">https:\/\/simplepay.hu\/<wbr \/>adatkezelesi-tajekoztatok\/<\/a><\/p><ol class=\"wp-block-list\"><li><ol class=\"wp-block-list\"><li><strong>El\u00e1ll\u00e1s, szavatoss\u00e1g<\/strong><\/li><\/ol><\/li><\/ol><p><strong><em>IV.1.\u00a0\u00a0\u00a0\u00a0\u00a0El\u00e1ll\u00e1s<\/em><\/strong><\/p><p>A Fogyaszt\u00f3t a 45\/2014. (II. 26.) Korm. rendelet 20. \u00a7 szerint megilleti az indokol\u00e1s n\u00e9lk\u00fcli el\u00e1ll\u00e1s joga. Ez az indokol\u00e1si k\u00f6telezetts\u00e9g n\u00e9lk\u00fcli el\u00e1ll\u00e1si jog kiz\u00e1r\u00f3lag a Fogyaszt\u00f3nak a jelen \u00c1SZF 2. pontj\u00e1ban meghat\u00e1rozott fogalma al\u00e1 tartoz\u00f3 term\u00e9szetes szem\u00e9lyeket illeti meg, enn\u00e9l fogva a jogi szem\u00e9lyek \u00e9s szervezetek nem \u00e9lhetnek az indokol\u00e1s n\u00e9lk\u00fcli el\u00e1ll\u00e1si joggal.\u00a0<\/p><p>A Fogyaszt\u00f3 az el\u00e1ll\u00e1si jog\u00e1t a Term\u00e9k ad\u00e1sv\u00e9tel\u00e9re ir\u00e1nyul\u00f3 Szerz\u0151d\u00e9s eset\u00e9n a Term\u00e9knek, a Fogyaszt\u00f3 vagy az \u00e1ltala megjel\u00f6lt, a fuvaroz\u00f3t\u00f3l elt\u00e9r\u0151 harmadik szem\u00e9ly \u00e1ltali \u00e1tv\u00e9tel\u00e9nek napj\u00e1t\u00f3l sz\u00e1m\u00edtott hat\u00e1rid\u0151n bel\u00fcl gyakorolhatja, amely hat\u00e1rid\u0151 14 (tizenn\u00e9gy) napt\u00e1ri nap. Az el\u00e1ll\u00e1si jog a Szerz\u0151d\u00e9s megk\u00f6t\u00e9s\u00e9nek napja \u00e9s a Term\u00e9k \u00e1tv\u00e9tel\u00e9nek napja k\u00f6z\u00f6tti id\u0151szakban is gyakorolhat\u00f3.<\/p><p>Ha a Szerz\u0151d\u00e9s megk\u00f6t\u00e9s\u00e9re a Fogyaszt\u00f3 tett aj\u00e1nlatot, a Fogyaszt\u00f3t a Szerz\u0151d\u00e9s megk\u00f6t\u00e9se el\u0151tt megilleti az aj\u00e1nlat visszavon\u00e1s\u00e1nak joga, ami a Szerz\u0151d\u00e9s megk\u00f6t\u00e9s\u00e9re kiterjed\u0151 aj\u00e1nlati k\u00f6t\u00f6tts\u00e9get megsz\u00fcnteti.<\/p><p>Ha a Fogyaszt\u00f3 \u00e9lni k\u00edv\u00e1n az el\u00e1ll\u00e1si jog\u00e1val, akkor az el\u00e1ll\u00e1si sz\u00e1nd\u00e9k\u00e1t tartalmaz\u00f3 egy\u00e9rtelm\u0171 nyilatkozat\u00e1t k\u00f6teles eljuttatni elektronikus \u00faton k\u00fcld\u00f6tt lev\u00e9l \u00fatj\u00e1n \u2013 amelyhez felhaszn\u00e1lhatja a jelen \u00c1SZF 1. sz\u00e1m\u00fa mell\u00e9klet\u00e9t k\u00e9pez\u0151 el\u00e1ll\u00e1si nyilatkozatmint\u00e1t is \u2013 a k\u00f6vetkez\u0151 c\u00edmre:<\/p><p>E-mailben: info@karaiexclusiveracing.hu<\/p><p>A Fogyaszt\u00f3 hat\u00e1rid\u0151ben gyakorolja az el\u00e1ll\u00e1si jog\u00e1t, ha nyilatkozat\u00e1t a fent megjel\u00f6lt 14 (tizenn\u00e9gy) napt\u00e1ri napos hat\u00e1rid\u0151 lej\u00e1rta el\u0151tt megk\u00fcldi az Elad\u00f3 r\u00e9sz\u00e9re. Az Elad\u00f3 k\u00f6teles elektronikus adathordoz\u00f3n visszaigazolni a Fogyaszt\u00f3 el\u00e1ll\u00e1si nyilatkozat\u00e1nak Elad\u00f3 r\u00e9sz\u00e9re t\u00f6rt\u00e9n\u0151 meg\u00e9rkez\u00e9s\u00e9t.<\/p><p>Ha a Fogyaszt\u00f3 a 45\/2014. (II. 26.) Korm. rendelet 22. \u00a7-nak megfelel\u0151en el\u00e1ll a Szerz\u0151d\u00e9st\u0151l, az Elad\u00f3 legk\u00e9s\u0151bb az el\u00e1ll\u00e1sr\u00f3l val\u00f3 tudom\u00e1sszerz\u00e9s\u00e9t\u0151l sz\u00e1m\u00edtott 14 (tizenn\u00e9gy) napt\u00e1ri napon bel\u00fcl visszat\u00e9r\u00edti a Fogyaszt\u00f3 \u00e1ltal ellenszolg\u00e1ltat\u00e1sk\u00e9nt megfizetett teljes \u00f6sszeget, ide\u00e9rtve a teljes\u00edt\u00e9ssel \u00f6sszef\u00fcgg\u00e9sben felmer\u00fclt k\u00f6lts\u00e9geket, \u00edgy a sz\u00e1ll\u00edt\u00e1si d\u00edjat is. Ez a rendelkez\u00e9s nem vonatkozik a legkev\u00e9sb\u00e9 k\u00f6lts\u00e9ges szok\u00e1sos fuvaroz\u00e1si m\u00f3dt\u00f3l elt\u00e9r\u0151 fuvaroz\u00e1si m\u00f3d v\u00e1laszt\u00e1s\u00e1val okozott t\u00f6bbletk\u00f6lts\u00e9gekre, ugyanis az Elad\u00f3 nem k\u00f6teles visszat\u00e9r\u00edteni az ebb\u0151l ered\u0151 t\u00f6bbletk\u00f6lts\u00e9geket. Ilyen esetben a felt\u00fcntetett \u00e1ltal\u00e1nos sz\u00e1ll\u00edt\u00e1si d\u00edjt\u00e9telek erej\u00e9ig \u00e1ll fenn az Elad\u00f3 visszat\u00e9r\u00edt\u00e9si k\u00f6telezetts\u00e9ge.<\/p><p>Az Elad\u00f3 a Fogyaszt\u00f3nak visszaj\u00e1r\u00f3 \u00f6sszeget a Fogyaszt\u00f3 \u00e1ltal fizet\u00e9sre haszn\u00e1lt banksz\u00e1ml\u00e1ra t\u00f6rt\u00e9n\u0151 \u00e1tutal\u00e1ssal t\u00e9r\u00edti vissza. A Fogyaszt\u00f3 kifejezett beleegyez\u00e9se alapj\u00e1n az Elad\u00f3 a visszat\u00e9r\u00edt\u00e9sre m\u00e1s fizet\u00e9si m\u00f3dot is alkalmazhat, de a Fogyaszt\u00f3t ebb\u0151l ad\u00f3d\u00f3an semmilyen t\u00f6bbletd\u00edj nem terhelheti. A Fogyaszt\u00f3 \u00e1ltal hib\u00e1san \u00e9s\/vagy pontatlanul megadott banksz\u00e1mlasz\u00e1m vagy postai c\u00edm k\u00f6vetkezt\u00e9ben t\u00f6rt\u00e9n\u0151 k\u00e9sedelem miatt az Elad\u00f3t felel\u0151ss\u00e9g nem terheli.<\/p><p>El\u00e1ll\u00e1s eset\u00e9n a Fogyaszt\u00f3 k\u00f6teles a Term\u00e9ket halad\u00e9ktalanul, de legk\u00e9s\u0151bb az el\u00e1ll\u00e1s k\u00f6zl\u00e9s\u00e9t\u0151l sz\u00e1m\u00edtott 14 (tizenn\u00e9gy) napt\u00e1ri napon bel\u00fcl visszak\u00fcldeni, illetve az Elad\u00f3nak vagy az Elad\u00f3 \u00e1ltal a term\u00e9k \u00e1tv\u00e9tel\u00e9re meghatalmazott szem\u00e9lynek \u00e1tadni. A visszak\u00fcld\u00e9s hat\u00e1rid\u0151ben teljes\u00edtettnek min\u0151s\u00fcl, ha a Fogyaszt\u00f3 a Term\u00e9ket a hat\u00e1rid\u0151 lej\u00e1rta el\u0151tt elk\u00fcldi. A Fogyaszt\u00f3 viseli a Term\u00e9k visszak\u00fcld\u00e9s\u00e9nek k\u00f6zvetlen k\u00f6lts\u00e9g\u00e9t. A Term\u00e9ket az Elad\u00f3 5900 Orosh\u00e1za, Szarvasi utca 15. sz\u00e1m alatti telephely c\u00edm\u00e9re kell visszak\u00fcldeni.\u00a0<\/p><p>Az Elad\u00f3 mindaddig visszatartja a Fogyaszt\u00f3nak visszaj\u00e1r\u00f3 \u00f6sszeget, am\u00edg a Fogyaszt\u00f3 a Term\u00e9ket vissza nem szolg\u00e1ltatta, vagy k\u00e9ts\u00e9get kiz\u00e1r\u00f3an nem igazolta, hogy azt visszak\u00fcldte az Elad\u00f3 r\u00e9sz\u00e9re. A p\u00e9nzvisszafizet\u00e9s hat\u00e1ridej\u00e9nek szempontj\u00e1b\u00f3l ezen k\u00e9t id\u0151pont k\u00f6z\u00fcl a kor\u00e1bbi id\u0151pontot kell figyelembe venni. Ut\u00e1nv\u00e9ttel vagy port\u00f3san feladott k\u00fcldem\u00e9nyeket az Elad\u00f3nak nem \u00e1ll m\u00f3dj\u00e1ban elfogadni.<\/p><p>A Fogyaszt\u00f3 felel a Term\u00e9k jelleg\u00e9nek, tulajdons\u00e1gainak \u00e9s m\u0171k\u00f6d\u00e9s\u00e9nek meg\u00e1llap\u00edt\u00e1s\u00e1hoz sz\u00fcks\u00e9ges haszn\u00e1latot meghalad\u00f3 haszn\u00e1latb\u00f3l ered\u0151 \u00e9rt\u00e9kcs\u00f6kken\u00e9s\u00e9rt.<\/p><p>Az el\u00e1ll\u00e1si jog nem gyakorolhat\u00f3<\/p><ol class=\"wp-block-list\"><li><ol class=\"wp-block-list\"><li>olyan term\u00e9k tekintet\u00e9ben, amelynek \u00e1ra, illetve d\u00edja a p\u00e9nzpiac Elad\u00f3 \u00e1ltal nem befoly\u00e1solhat\u00f3, az el\u00e1ll\u00e1si jog gyakorl\u00e1s\u00e1ra meghat\u00e1rozott hat\u00e1rid\u0151 alatt is lehets\u00e9ges ingadoz\u00e1s\u00e1t\u00f3l f\u00fcgg;<\/li><li>olyan term\u00e9k tekintet\u00e9ben, amely jelleg\u00e9n\u00e9l fogva az \u00e1tad\u00e1st k\u00f6vet\u0151en elv\u00e1laszthatatlanul vegy\u00fcl m\u00e1s term\u00e9kkel;<\/li><li>a nem t\u00e1rgyi adathordoz\u00f3n ny\u00fajtott digit\u00e1lis adattartalom tekintet\u00e9ben, ha az Elad\u00f3 a fogyaszt\u00f3 kifejezett, el\u0151zetes beleegyez\u00e9s\u00e9vel kezdte meg a teljes\u00edt\u00e9st, \u00e9s a fogyaszt\u00f3 e beleegyez\u00e9s\u00e9vel egyidej\u0171leg nyilatkozott annak tudom\u00e1sul v\u00e9tel\u00e9r\u0151l, hogy a teljes\u00edt\u00e9s megkezd\u00e9s\u00e9t k\u00f6vet\u0151en elvesz\u00edti az el\u00e1ll\u00e1si jog\u00e1t<\/li><\/ol><\/li><\/ol><p><strong><em>IV.2.\u00a0\u00a0\u00a0\u00a0\u00a0Kell\u00e9kszavatoss\u00e1g<\/em><\/strong><\/p><p>Az Elad\u00f3 hib\u00e1san teljes\u00edt, ha a Term\u00e9k a teljes\u00edt\u00e9s id\u0151pontj\u00e1ban nem felel meg a szerz\u0151d\u00e9sben vagy jogszab\u00e1lyban meg\u00e1llap\u00edtott min\u0151s\u00e9gi k\u00f6vetelm\u00e9nyeknek. Nem teljes\u00edt hib\u00e1san az Elad\u00f3, ha a Vev\u0151 a hib\u00e1t a szerz\u0151d\u00e9sk\u00f6t\u00e9s id\u0151pontj\u00e1ban ismerte, vagy a hib\u00e1t a szerz\u0151d\u00e9sk\u00f6t\u00e9s id\u0151pontj\u00e1ban ismernie kellett.<\/p><p>A Vev\u0151 az Elad\u00f3 hib\u00e1s teljes\u00edt\u00e9se eset\u00e9n az Elad\u00f3val szemben kell\u00e9kszavatoss\u00e1gi ig\u00e9nyt \u00e9rv\u00e9nyes\u00edthet a Polg\u00e1ri T\u00f6rv\u00e9nyk\u00f6nyvr\u0151l sz\u00f3l\u00f3 2013. \u00e9vi V. t\u00f6rv\u00e9ny szab\u00e1lyai szerint.<\/p><p>A Vev\u0151 \u2013 v\u00e1laszt\u00e1sa szerint\u2013 k\u00e9rhet kijav\u00edt\u00e1st vagy kicser\u00e9l\u00e9st, kiv\u00e9ve, ha az ezek k\u00f6z\u00fcl a Vev\u0151 \u00e1ltal v\u00e1lasztott ig\u00e9ny teljes\u00edt\u00e9se lehetetlen vagy az Elad\u00f3 sz\u00e1m\u00e1ra m\u00e1s ig\u00e9nye teljes\u00edt\u00e9s\u00e9hez k\u00e9pest ar\u00e1nytalan t\u00f6bbletk\u00f6lts\u00e9ggel j\u00e1rna. Ha a kijav\u00edt\u00e1st vagy a kicser\u00e9l\u00e9st nem k\u00e9rte, illetve nem k\u00e9rhette, \u00fagy ig\u00e9nyelheti az ellenszolg\u00e1ltat\u00e1s ar\u00e1nyos lesz\u00e1ll\u00edt\u00e1s\u00e1t vagy a hib\u00e1t az Elad\u00f3 k\u00f6lts\u00e9g\u00e9re a Vev\u0151 is kijav\u00edthatja, illetve m\u00e1ssal kijav\u00edttathatja vagy \u2013 v\u00e9gs\u0151 esetben \u2013 a Szerz\u0151d\u00e9st\u0151l is el\u00e1llhat.<\/p><p>A Vev\u0151 a v\u00e1lasztott kell\u00e9kszavatoss\u00e1gi jog\u00e1r\u00f3l egy m\u00e1sikra is \u00e1tt\u00e9rhet, az \u00e1tt\u00e9r\u00e9s k\u00f6lts\u00e9g\u00e9t azonban a Vev\u0151 viseli, kiv\u00e9ve, ha az indokolt volt, vagy arra az Elad\u00f3 adott okot.<\/p><p>A Vev\u0151 k\u00f6teles a hib\u00e1t annak felfedez\u00e9se ut\u00e1n halad\u00e9ktalanul k\u00f6z\u00f6lni az Elad\u00f3val. A Szerz\u0151d\u00e9s teljes\u00edt\u00e9s\u00e9t\u0151l sz\u00e1m\u00edtott 1 (egy) \u00e9ves hat\u00e1rid\u0151n t\u00fal kell\u00e9kszavatoss\u00e1gi jogait nem \u00e9rv\u00e9nyes\u00edtheti. Fogyaszt\u00f3nak min\u0151s\u00fcl\u0151 Vev\u0151re enyh\u00e9bb szab\u00e1lyok vonatkoznak, ugyanis a Fogyaszt\u00f3 a hib\u00e1t annak felfedez\u00e9s\u00e9t\u0151l sz\u00e1m\u00edtott legk\u00e9s\u0151bb 2 (kett\u0151) h\u00f3napon bel\u00fcl k\u00f6teles k\u00f6z\u00f6lni, a Szerz\u0151d\u00e9s teljes\u00edt\u00e9s\u00e9t\u0151l sz\u00e1m\u00edtott 2 (kett\u0151) \u00e9ves el\u00e9v\u00fcl\u00e9si hat\u00e1rid\u0151n t\u00fal azonban nem \u00e9rv\u00e9nyes\u00edtheti a kell\u00e9kszavatoss\u00e1gi jogait.\u00a0<\/p><p>Ha a Fogyaszt\u00f3nak min\u0151s\u00fcl\u0151 Vev\u0151 \u00e9s az Elad\u00f3 k\u00f6z\u00f6tti Szerz\u0151d\u00e9s t\u00e1rgya haszn\u00e1lt dolog, a Felek r\u00f6videbb el\u00e9v\u00fcl\u00e9si id\u0151ben is meg\u00e1llapodhatnak, azonban 1 (egy) \u00e9vn\u00e9l r\u00f6videbb el\u00e9v\u00fcl\u00e9si hat\u00e1rid\u0151 ebben az esetben sem k\u00f6thet\u0151 ki \u00e9rv\u00e9nyesen.<\/p><p>Fogyaszt\u00f3nak min\u0151s\u00fcl\u0151 Vev\u0151 eset\u00e9ben ellenkez\u0151 bizony\u00edt\u00e1sig v\u00e9lelmezni kell, hogy a Szerz\u0151d\u00e9s teljes\u00edt\u00e9s\u00e9t k\u00f6vet\u0151 6 (hat) h\u00f3napon bel\u00fcl a Fogyaszt\u00f3 \u00e1ltal felismert hiba m\u00e1r a teljes\u00edt\u00e9s id\u0151pontj\u00e1ban megvolt, kiv\u00e9ve, ha e v\u00e9lelem a dolog term\u00e9szet\u00e9vel vagy a hiba jelleg\u00e9vel \u00f6sszeegyeztethetetlen. Ennek \u00e9rtelm\u00e9ben a teljes\u00edt\u00e9st\u0151l sz\u00e1m\u00edtott 6 (hat) h\u00f3napon bel\u00fcl a Fogyaszt\u00f3 kell\u00e9kszavatoss\u00e1gi ig\u00e9nye \u00e9rv\u00e9nyes\u00edt\u00e9s\u00e9nek a hiba k\u00f6zl\u00e9s\u00e9n t\u00fal nincs egy\u00e9b felt\u00e9tele, ha igazolja, hogy a Term\u00e9ket az Elad\u00f3t\u00f3l v\u00e1s\u00e1rolta. A teljes\u00edt\u00e9st\u0151l sz\u00e1m\u00edtott 6 (hat) h\u00f3nap eltelte ut\u00e1n azonban m\u00e1r a Fogyaszt\u00f3 k\u00f6teles bizony\u00edtani, hogy az \u00e1ltala felismert hiba m\u00e1r a teljes\u00edt\u00e9s id\u0151pontj\u00e1ban is megvolt.<\/p><p>Haszn\u00e1lt term\u00e9kek eset\u00e9n alapesetben az \u00e1ltal\u00e1nos szab\u00e1lyokt\u00f3l elt\u00e9r\u0151en alakulnak a szavatoss\u00e1gi, j\u00f3t\u00e1ll\u00e1si jogok. A haszn\u00e1lt term\u00e9kek eset\u00e9ben is besz\u00e9lhet\u00fcnk hib\u00e1s teljes\u00edt\u00e9sr\u0151l, azonban figyelembe kell venni azokat a k\u00f6r\u00fclm\u00e9nyeket, amelyek alapj\u00e1n a Vev\u0151 bizonyos hib\u00e1k el\u0151fordul\u00e1s\u00e1ra sz\u00e1m\u00edthatott. Az avul\u00e1s folyt\u00e1n ugyanis egyes hib\u00e1k jelentkez\u00e9sei egyre gyakoribbakk\u00e1 v\u00e1lnak, amelyek k\u00f6vetkezt\u00e9ben azt, hogy egy haszn\u00e1lt term\u00e9k ugyanolyan min\u0151s\u00e9ggel rendelkezhet, mint egy \u00fajonnan v\u00e1s\u00e1rolt, nem lehet felt\u00e9telezni. Ennek alapj\u00e1n a Vev\u0151 csak az olyan hi\u00e1nyoss\u00e1gok tekintet\u00e9ben \u00e9rv\u00e9nyes\u00edtheti a szavatoss\u00e1gi jogait, amelyek a haszn\u00e1lts\u00e1gb\u00f3l ered\u0151 hib\u00e1kon fel\u00fcliek, \u00e9s azokt\u00f3l f\u00fcggetlen\u00fcl keletkeztek. Ha a haszn\u00e1lt term\u00e9k hib\u00e1s \u00e9s err\u0151l a Vev\u0151 a v\u00e1s\u00e1rl\u00e1skor t\u00e1j\u00e9koztat\u00e1st kapott, az ismert hiba vonatkoz\u00e1s\u00e1ban az Elad\u00f3nak nincs felel\u0151ss\u00e9ge.<\/p><p><strong>V. Panasz\u00fcgyint\u00e9z\u00e9s \u00e9s jog\u00e9rv\u00e9nyes\u00edt\u00e9si lehet\u0151s\u00e9gek<\/strong><\/p><p>V.1.\u00a0\u00a0\u00a0\u00a0\u00a0\u00a0A Vev\u0151 a Term\u00e9kkel vagy az Elad\u00f3nak, illetve az Elad\u00f3 \u00e9rdek\u00e9ben vagy jav\u00e1ra elj\u00e1r\u00f3 szem\u00e9lynek a Term\u00e9k Vev\u0151 r\u00e9sz\u00e9re t\u00f6rt\u00e9n\u0151 forgalmaz\u00e1s\u00e1val, illetve \u00e9rt\u00e9kes\u00edt\u00e9s\u00e9vel k\u00f6zvetlen kapcsolatban \u00e1ll\u00f3 magatart\u00e1s\u00e1val, tev\u00e9kenys\u00e9g\u00e9vel vagy mulaszt\u00e1s\u00e1val kapcsolatos kifog\u00e1sait sz\u00f3ban vagy \u00edr\u00e1sban az al\u00e1bbi el\u00e9rhet\u0151s\u00e9geken terjesztheti el\u0151:<\/p><p>E-mail: info@karaiexclusiveracing.hu<\/p><p>V.2.\u00a0\u00a0\u00a0\u00a0\u00a0\u00a0Amennyiben a megv\u00e1s\u00e1rolt Term\u00e9kkel kapcsolatban a Vev\u0151nek mennyis\u00e9gi \u00e9s\/vagy min\u0151s\u00e9gi kifog\u00e1sa \u00e1ll fenn, az Elad\u00f3 a kifog\u00e1solt Term\u00e9ket visszasz\u00e1ll\u00edtja \u2013 fut\u00e1rszolg\u00e1lat ig\u00e9nybev\u00e9tele eset\u00e9n visszasz\u00e1ll\u00edttatja. Jogos reklam\u00e1ci\u00f3 eset\u00e9n egy \u00fajabb Term\u00e9k kisz\u00e1ll\u00edt\u00e1s\u00e1nak a d\u00edja az Elad\u00f3t terheli.<\/p><p>V.3.\u00a0\u00a0\u00a0\u00a0\u00a0\u00a0Az \u00edr\u00e1sbeli panaszt az Elad\u00f3 a panasz be\u00e9rkez\u00e9s\u00e9t\u0151l sz\u00e1m\u00edtott 30 napon bel\u00fcl k\u00f6teles \u00e9rdemben megv\u00e1laszolni \u00edr\u00e1sban, \u00e9s int\u00e9zkedni annak Vev\u0151vel t\u00f6rt\u00e9n\u0151 k\u00f6zl\u00e9se ir\u00e1nt.\u00a0<\/p><p>Az Elad\u00f3 k\u00f6teles az \u00edr\u00e1sban el\u0151terjesztett panasz eset\u00e9n indokolni a panaszt elutas\u00edt\u00f3 \u00e1ll\u00e1spontj\u00e1t.\u00a0<\/p><p>A panaszr\u00f3l felvett jegyz\u0151k\u00f6nyvnek tartalmaznia kell az al\u00e1bbiakat:<\/p><ol class=\"wp-block-list\"><li><ol class=\"wp-block-list\"><li>a Vev\u0151 neve, lakc\u00edme, nem term\u00e9szetes szem\u00e9ly Vev\u0151 eset\u00e9n sz\u00e9khelye, k\u00e9pvisel\u0151j\u00e9nek neve \u00e9s lakc\u00edme<\/li><li>a Fogyaszt\u00f3, valamint a nem term\u00e9szetes szem\u00e9ly Vev\u0151 k\u00e9pvisel\u0151j\u00e9nek nyilatkozata arra vonatkoz\u00f3an, hogy hozz\u00e1j\u00e1rul a jegyz\u0151k\u00f6nyvben r\u00f6gz\u00edtett adatainak a GDPR rendeletben meghat\u00e1rozottak szerinti kezel\u00e9s\u00e9hez<\/li><li>a panasz el\u0151terjeszt\u00e9s\u00e9nek helye, ideje, m\u00f3dja,<\/li><li>a Vev\u0151 panasz\u00e1nak r\u00e9szletes le\u00edr\u00e1sa, a Vev\u0151 \u00e1ltal bemutatott iratok, dokumentumok \u00e9s egy\u00e9b bizony\u00edt\u00e9kok jegyz\u00e9ke,<\/li><li>az Elad\u00f3 nyilatkozata a Vev\u0151 panasz\u00e1val kapcsolatos \u00e1ll\u00e1spontj\u00e1r\u00f3l, amennyiben a panasz azonnali kivizsg\u00e1l\u00e1sa lehets\u00e9ges,<\/li><li>a jegyz\u0151k\u00f6nyvet felvev\u0151 szem\u00e9ly \u00e9s \u2013 telefonon k\u00f6z\u00f6lt sz\u00f3beli panasz kiv\u00e9tel\u00e9vel \u2013 a Fogyaszt\u00f3, illet\u0151leg a nem term\u00e9szetes szem\u00e9ly Vev\u0151 k\u00e9pvisel\u0151j\u00e9nek al\u00e1\u00edr\u00e1sa,<\/li><li>a jegyz\u0151k\u00f6nyv felv\u00e9tel\u00e9nek helye, ideje,<\/li><\/ol><\/li><\/ol><p>Az Elad\u00f3 a panaszr\u00f3l felvett jegyz\u0151k\u00f6nyvet \u00e9s a v\u00e1lasz m\u00e1solati p\u00e9ld\u00e1ny\u00e1t 5 (\u00f6t) \u00e9vig k\u00f6teles meg\u0151rizni, \u00e9s azt az ellen\u0151rz\u0151 hat\u00f3s\u00e1goknak k\u00e9r\u00e9s\u00fckre bemutatni.<\/p><p>A panasz elutas\u00edt\u00e1sa eset\u00e9n az Elad\u00f3 k\u00f6teles a Fogyaszt\u00f3nak min\u0151s\u00fcl\u0151 Vev\u0151t \u00edr\u00e1sban t\u00e1j\u00e9koztatni arr\u00f3l, hogy panasz\u00e1val \u2013 annak jellege szerint \u2013 mely hat\u00f3s\u00e1ghoz vagy b\u00e9k\u00e9ltet\u0151 test\u00fclethez fordulhat. A t\u00e1j\u00e9koztat\u00e1snak tartalmaznia kell tov\u00e1bb\u00e1 az illet\u00e9kes hat\u00f3s\u00e1g, illetve a Fogyaszt\u00f3 lak\u00f3helye vagy tart\u00f3zkod\u00e1si helye szerint illet\u00e9kes b\u00e9k\u00e9ltet\u0151 test\u00fclet sz\u00e9khely\u00e9t, telefonos \u00e9s internetes el\u00e9rhet\u0151s\u00e9g\u00e9t, valamint levelez\u00e9si c\u00edm\u00e9t. A t\u00e1j\u00e9koztat\u00e1snak arra is ki kell terjednie, hogy az Elad\u00f3 a fogyaszt\u00f3i jogvita rendez\u00e9se \u00e9rdek\u00e9ben ig\u00e9nybe veszi-e a b\u00e9k\u00e9ltet\u0151 test\u00fcleti elj\u00e1r\u00e1st.\u00a0<\/p><p>V.4.\u00a0\u00a0\u00a0\u00a0\u00a0\u00a0Amennyiben az Elad\u00f3 \u00e9s a Fogyaszt\u00f3 k\u00f6z\u00f6tt esetlegesen fenn\u00e1ll\u00f3 fogyaszt\u00f3i jogvita a Felek \u00e1ltal folytatott egyeztet\u00e9sek sor\u00e1n nem rendez\u0151dik, a Fogyaszt\u00f3 sz\u00e1m\u00e1ra az al\u00e1bbi jog\u00e9rv\u00e9nyes\u00edt\u00e9si lehet\u0151s\u00e9gek \u00e1llnak rendelkez\u00e9sre:\u00a0<\/p><p><em>a)\u00a0\u00a0Fogyaszt\u00f3v\u00e9delmi elj\u00e1r\u00e1s:<\/em><\/p><p>Amennyiben a Fogyaszt\u00f3 a fogyaszt\u00f3i jogainak megs\u00e9rt\u00e9s\u00e9t \u00e9szleli, jogosult panasszal fordulni a lak\u00f3helye szerint illet\u00e9kes fogyaszt\u00f3v\u00e9delmi hat\u00f3s\u00e1ghoz. A fogyaszt\u00f3v\u00e9delmi hat\u00f3s\u00e1g kijel\u00f6l\u00e9s\u00e9r\u0151l sz\u00f3l\u00f3 387\/2016. (XII.2.) Korm. rendelet szerint a fogyaszt\u00f3v\u00e9delmi hat\u00f3s\u00e1gi feladatokat a Fogyaszt\u00f3 lak\u00f3helye szerint illet\u00e9kes f\u0151v\u00e1rosi \u00e9s megyei korm\u00e1nyhivatalok l\u00e1tj\u00e1k el, amelyek list\u00e1ja az al\u00e1bbi honlapon \u00e9rhet\u0151 el:\u00a0<a href=\"http:\/\/www.kormanyhivatal.hu\/\">http:\/\/www.kormanyhivatal.hu\/<\/a><\/p><p><em>b)\u00a0\u00a0B\u00e9k\u00e9ltet\u0151 test\u00fcleti elj\u00e1r\u00e1s:<\/em><\/p><p>A Fogyaszt\u00f3 b\u00e1rmely panasz vagy jogvita eset\u00e9n a lak\u00f3helye vagy tart\u00f3zkod\u00e1si helye, ennek hi\u00e1ny\u00e1ban a fogyaszt\u00f3i jogvit\u00e1val \u00e9rintett gazdas\u00e1gi t\u00e1rsas\u00e1g, mint Elad\u00f3 vagy az annak k\u00e9pviselet\u00e9re feljogos\u00edtott szerv sz\u00e9khelye szerint illet\u00e9kes b\u00e9k\u00e9ltet\u0151 test\u00fclethez fordulhat. A b\u00e9k\u00e9ltet\u0151 test\u00fclet elj\u00e1r\u00e1sa megind\u00edt\u00e1s\u00e1nak felt\u00e9tele, hogy a Fogyaszt\u00f3 az \u00e9rintett gazdas\u00e1gi t\u00e1rsas\u00e1ggal, mint Elad\u00f3val k\u00f6zvetlen\u00fcl megk\u00eds\u00e9relje a vit\u00e1s \u00fcgy rendez\u00e9s\u00e9t.<\/p><p>A K\u00e1rai Exclusive Racing Kft. sz\u00e9khelye szerint illet\u00e9kes b\u00e9k\u00e9ltet\u0151 test\u00fclet a B\u00e9k\u00e9s Megyei B\u00e9k\u00e9ltet\u0151 Test\u00fclet (c\u00edm: 5600 B\u00e9k\u00e9scsaba, Penza ltp. 5., telefonsz\u00e1m: 06-66-324-976, fax: 06-66-324-976, e-mail: bekeltetes@bmkik.hu). Az elj\u00e1r\u00e1sra \u2013 a Fogyaszt\u00f3 erre ir\u00e1nyul\u00f3 k\u00e9relme alapj\u00e1n \u2013 az illet\u00e9kes test\u00fclet helyett a Fogyaszt\u00f3 k\u00e9relm\u00e9ben megjel\u00f6lt b\u00e9k\u00e9ltet\u0151 test\u00fclet illet\u00e9kes. A b\u00e9k\u00e9ltet\u0151 test\u00fcletekr\u0151l b\u0151vebb inform\u00e1ci\u00f3 \u00e9rhet\u0151 el a\u00a0<a href=\"http:\/\/www.bekeltetes.hu\/\">http:\/\/www.bekeltetes.hu<\/a>\u00a0honlapon.<\/p><p>A b\u00e9k\u00e9ltet\u0151 test\u00fclet hat\u00e1sk\u00f6r\u00e9be tartozik a fogyaszt\u00f3i jogvita b\u00edr\u00f3s\u00e1gi elj\u00e1r\u00e1son k\u00edv\u00fcli rendez\u00e9se. Feladata, hogy megk\u00eds\u00e9relje a fogyaszt\u00f3i jogvita rendez\u00e9se c\u00e9lj\u00e1b\u00f3l egyezs\u00e9g l\u00e9trehoz\u00e1s\u00e1t a Felek k\u00f6z\u00f6tt, ennek eredm\u00e9nytelens\u00e9ge eset\u00e9n az \u00fcgyben d\u00f6nt\u00e9st hoz a fogyaszt\u00f3i jogok egyszer\u0171, gyors, hat\u00e9kony \u00e9s k\u00f6lts\u00e9gk\u00edm\u00e9l\u0151 \u00e9rv\u00e9nyes\u00edt\u00e9s\u00e9nek biztos\u00edt\u00e1sa \u00e9rdek\u00e9ben. A b\u00e9k\u00e9ltet\u0151 test\u00fclet a Fogyaszt\u00f3 vagy az Elad\u00f3 gazdas\u00e1gi t\u00e1rsas\u00e1g k\u00e9r\u00e9s\u00e9re tan\u00e1csot ad a Fogyaszt\u00f3t megillet\u0151 jogokkal \u00e9s a Fogyaszt\u00f3t terhel\u0151 k\u00f6telezetts\u00e9gekkel kapcsolatban.\u00a0<\/p><p><em>c)\u00a0\u00a0Online vitarendez\u00e9si platform<\/em><\/p><p>Az Eur\u00f3pai Bizotts\u00e1g \u00e1ltal l\u00e9trehozott honlap, amelyen kereszt\u00fcl a Fogyaszt\u00f3nak a regisztr\u00e1ci\u00f3t k\u00f6vet\u0151en lehet\u0151s\u00e9ge ny\u00edlik arra, hogy az online v\u00e1s\u00e1rl\u00e1shoz kapcsol\u00f3d\u00f3 jogvit\u00e1it ezen kereszt\u00fcl rendezze egy k\u00e9relem kit\u00f6lt\u00e9s\u00e9vel, elker\u00fclve a b\u00edr\u00f3s\u00e1gi elj\u00e1r\u00e1st. Az online vitarendez\u00e9si platform az al\u00e1bbi honlapon \u00e9rhet\u0151 el:\u00a0<a href=\"https:\/\/webgate.ec.europa.eu\/odr\/main\/?event=main.home.show&amp;lng=HU\">https:\/\/webgate.ec.europa.eu\/odr\/main\/?event=main.home.show&amp;lng=HU<\/a><\/p><p><em>d)\u00a0\u00a0B\u00edr\u00f3s\u00e1gi elj\u00e1r\u00e1s<\/em><\/p><p>Amennyiben a Fogyaszt\u00f3 nem fordul b\u00e9k\u00e9ltet\u0151 test\u00fclethez, vagy az elj\u00e1r\u00e1s nem vezetett eredm\u00e9nyre, \u00fagy jogosult a jogvit\u00e1b\u00f3l sz\u00e1rmaz\u00f3 k\u00f6vetel\u00e9s\u00e9nek b\u00edr\u00f3s\u00e1g el\u0151tti \u00e9rv\u00e9nyes\u00edt\u00e9s\u00e9re a Polg\u00e1ri T\u00f6rv\u00e9nyk\u00f6nyvr\u0151l sz\u00f3l\u00f3 2013. \u00e9vi V. t\u00f6rv\u00e9ny, valamint a Polg\u00e1ri Perrendtart\u00e1sr\u00f3l sz\u00f3l\u00f3 2016. \u00e9vi CXXX. t\u00f6rv\u00e9ny rendelkez\u00e9sei szerint.<\/p><p>V.5.\u00a0\u00a0\u00a0\u00a0\u00a0\u00a0A Felek k\u00f6telesek a jelen \u00c1SZF hat\u00e1lya al\u00e1 tartoz\u00f3 jog\u00fcgyletek teljes\u00edt\u00e9se sor\u00e1n egym\u00e1ssal egy\u00fcttm\u0171k\u00f6dni, a teljes\u00edt\u00e9st \u00e9rint\u0151 vagy azt befoly\u00e1sol\u00f3 k\u00f6r\u00fclm\u00e9nyekr\u0151l egym\u00e1st a tudom\u00e1sszerz\u00e9st k\u00f6vet\u0151en halad\u00e9ktalanul \u00edr\u00e1sban is t\u00e1j\u00e9koztatni. A teljes\u00edt\u00e9s sor\u00e1n esetlegesen felmer\u00fcl\u0151 vit\u00e1ikat els\u0151dlegesen egym\u00e1s k\u00f6z\u00f6tti egyeztet\u00e9ssel, \u00e9s peren k\u00edv\u00fcli egyezs\u00e9ggel k\u00f6telesek rendezni. Amennyiben a peren k\u00edv\u00fcli egyeztet\u00e9s nem vezetne eredm\u00e9nyre, \u00e9s a Vev\u0151 V\u00e1llalkoz\u00e1snak min\u0151s\u00fcl, a Felek k\u00f6z\u00f6tti, jelen \u00c1SZF hat\u00e1lya al\u00e1 tartoz\u00f3 jog\u00fcgyletekb\u0151l ered\u0151 jogvit\u00e1k rendez\u00e9s\u00e9re pert\u00e1rgy\u00e9rt\u00e9kt\u0151l f\u00fcgg\u0151en az Orosh\u00e1zi J\u00e1r\u00e1sb\u00edr\u00f3s\u00e1g, illet\u0151leg a Gyulai T\u00f6rv\u00e9nysz\u00e9k kiz\u00e1r\u00f3lagosan illet\u00e9kes.<\/p><p><strong>VI. Egy\u00e9b rendelkez\u00e9sek<\/strong><\/p><p>VI.1.\u00a0\u00a0\u00a0\u00a0\u00a0Jelen \u00c1SZF rendelkez\u00e9seit az Elad\u00f3 a vonatkoz\u00f3 jogszab\u00e1lyok keretei k\u00f6z\u00f6tt jogosult m\u00f3dos\u00edtani. Az \u00c1SZF esetleges m\u00f3dos\u00edt\u00e1sa a Webshopon t\u00f6rt\u00e9n\u0151 megjelen\u00e9st\u0151l \u00e9rv\u00e9nyes. Az esetleges m\u00f3dos\u00edt\u00e1sok a m\u00e1r l\u00e9trej\u00f6tt Szerz\u0151d\u00e9seket (visszaigazolt megrendel\u00e9seket) nem \u00e9rintik. Az Elad\u00f3 a mindenkor hat\u00e1lyos \u00c1SZF-j\u00e9t, szab\u00e1lyzatait a https:\/\/karaiexclusiveracing.hu oldalon teszi k\u00f6zz\u00e9.<\/p><p>VI.2.\u00a0\u00a0\u00a0\u00a0\u00a0A Webshopr\u00f3l t\u00f6rt\u00e9n\u0151 megrendel\u00e9ssel a Vev\u0151 kijelenti, hogy megismerte, elfogadja \u00e9s mag\u00e1ra n\u00e9zve k\u00f6telez\u0151nek ismeri el a jelen \u00c1SZF rendelkez\u00e9seit.<\/p><p>VI.3.\u00a0\u00a0\u00a0\u00a0\u00a0Jelen \u00c1SZF hat\u00e1lya al\u00e1 tartoz\u00f3 Szerz\u0151d\u00e9sek magyar nyelv\u0171, \u00edr\u00e1sba foglalt szerz\u0151d\u00e9snek min\u0151s\u00fclnek.\u00a0<\/p><p>VI.4.\u00a0\u00a0\u00a0\u00a0\u00a0Jelen \u00c1SZF valamely pontj\u00e1nak \u00e9rv\u00e9nytelens\u00e9ge vagy hat\u00e1lytalans\u00e1ga eset\u00e9n a Felek k\u00f6z\u00f6tt l\u00e9trej\u00f6tt Szerz\u0151d\u00e9s \u00e9rv\u00e9nytelens\u00e9ggel vagy hat\u00e1lytalans\u00e1ggal nem \u00e9rintett rendelkez\u00e9sei tov\u00e1bbra is alkalmazand\u00f3k, \u00e9s az \u00e9rv\u00e9nytelen vagy hat\u00e1lytalan rendelkez\u00e9sek helyett a vonatkoz\u00f3 jogszab\u00e1lyok rendelkez\u00e9sei ir\u00e1nyad\u00f3ak.<\/p><p>VI.5.\u00a0\u00a0\u00a0\u00a0\u00a0Jelen \u00c1SZF hat\u00e1lya al\u00e1 tartoz\u00f3 Szerz\u0151d\u00e9sekre, valamint a jelen \u00c1SZF-ben nem szab\u00e1lyozott k\u00e9rd\u00e9sek tekintet\u00e9ben az al\u00e1bbi jogszab\u00e1lyok, valamint a hat\u00e1lyos magyar jogszab\u00e1lyok rendelkez\u00e9sei az ir\u00e1nyad\u00f3ak:\u00a0<\/p><ul class=\"wp-block-list\"><li>1997. \u00e9vi CLV. t\u00f6rv\u00e9ny a fogyaszt\u00f3v\u00e9delemr\u0151l<\/li><li>2001. \u00e9vi CVIII. t\u00f6rv\u00e9ny az elektronikus kereskedelmi szolg\u00e1ltat\u00e1sok, valamint az inform\u00e1ci\u00f3s t\u00e1rsadalommal \u00f6sszef\u00fcgg\u0151 szolg\u00e1ltat\u00e1sok egyes k\u00e9rd\u00e9seir\u0151l<\/li><li>2013. \u00e9vi V. t\u00f6rv\u00e9ny a Polg\u00e1ri T\u00f6rv\u00e9nyk\u00f6nyvr\u0151l<\/li><li>45\/2014. (II.26.) Korm. rendelet a fogyaszt\u00f3 \u00e9s v\u00e1llalkoz\u00e1s k\u00f6z\u00f6tti szerz\u0151d\u00e9sek r\u00e9szletes szab\u00e1lyair\u00f3l<\/li><li>19\/2014. (IV.29.) NGM rendelet a fogyaszt\u00f3 \u00e9s v\u00e1llalkoz\u00e1s k\u00f6z\u00f6tti szerz\u0151d\u00e9s keret\u00e9ben eladott dolgokra vonatkoz\u00f3 szavatoss\u00e1gi \u00e9s j\u00f3t\u00e1ll\u00e1si ig\u00e9nyek int\u00e9z\u00e9s\u00e9nek elj\u00e1r\u00e1si szab\u00e1lyair\u00f3l<\/li><li>1999. \u00e9vi LXXVI. t\u00f6rv\u00e9ny a szerz\u0151i jogr\u00f3l<\/li><li>2011. \u00e9vi CXX. t\u00f6rv\u00e9ny az inform\u00e1ci\u00f3s \u00f6nrendelkez\u00e9si jogr\u00f3l \u00e9s az inform\u00e1ci\u00f3szabads\u00e1gr\u00f3l<\/li><li>AZ EUR\u00d3PAI PARLAMENT \u00c9S A TAN\u00c1CS (EU) 2018\/302 RENDELETE (2018. febru\u00e1r 28.) a bels\u0151 piacon bel\u00fcl a vev\u0151 \u00e1llampolg\u00e1rs\u00e1ga, lak\u00f3helye vagy leteleped\u00e9si helye alapj\u00e1n t\u00f6rt\u00e9n\u0151 indokolatlan ter\u00fcleti alap\u00fa tartalomkorl\u00e1toz\u00e1ssal \u00e9s a megk\u00fcl\u00f6nb\u00f6ztet\u00e9s egy\u00e9b form\u00e1ival szembeni fell\u00e9p\u00e9sr\u0151l, valamint a 2006\/2004\/EK \u00e9s az (EU) 2017\/2394 rendelet, tov\u00e1bb\u00e1 a 2009\/22\/EK ir\u00e1nyelv m\u00f3dos\u00edt\u00e1s\u00e1r\u00f3l<\/li><li>AZ EUR\u00d3PAI PARLAMENT \u00c9S A TAN\u00c1CS (EU) 2016\/679 RENDELETE (2016. \u00e1prilis 27.) a term\u00e9szetes szem\u00e9lyeknek a szem\u00e9lyes adatok kezel\u00e9se tekintet\u00e9ben t\u00f6rt\u00e9n\u0151 v\u00e9delm\u00e9r\u0151l \u00e9s az ilyen adatok szabad \u00e1raml\u00e1s\u00e1r\u00f3l, valamint a 95\/46\/EK rendelet hat\u00e1lyon k\u00edv\u00fcl helyez\u00e9s\u00e9r\u0151l (GDPR \u2013 \u00e1ltal\u00e1nos adatv\u00e9delmi rendelet).<\/li><\/ul><ol class=\"wp-block-list\"><li><strong>sz\u00e1m\u00fa mell\u00e9klet<\/strong><\/li><\/ol><p>A K\u00e1rai Exclusive Racing Korl\u00e1tolt Felel\u0151ss\u00e9g\u0171 T\u00e1rsas\u00e1g \u00c1ltal\u00e1nos Szerz\u0151d\u00e9si Felt\u00e9teleihez<\/p><p><strong><br \/>El\u00e1ll\u00e1si nyilatkozatminta<\/strong><\/p><p>\/csak a szerz\u0151d\u00e9st\u0151l val\u00f3 el\u00e1ll\u00e1si sz\u00e1nd\u00e9k eset\u00e9n t\u00f6ltse ki \u00e9s juttassa vissza\/<\/p><p>C\u00edmzett: \u2026\u2026\u2026\u2026\u2026\u2026\u2026\u2026\u2026\u2026\u2026\u2026\u2026\u2026\u2026\u2026\u2026\u2026\u2026<\/p><p>Alul\u00edrott(ak) kijelentem\/kijelentj\u00fck, hogy gyakorlom\/gyakoroljuk el\u00e1ll\u00e1si jogomat\/jogunkat az al\u00e1bbi term\u00e9k(ek) ad\u00e1sv\u00e9tel\u00e9re ir\u00e1nyul\u00f3 szerz\u0151d\u00e9s tekintet\u00e9ben:<\/p><p>Megrendel\u00e9s azonos\u00edt\u00f3 sz\u00e1ma:\u2026\u2026\u2026\u2026\u2026\u2026\u2026\u2026\u2026\u2026\u2026\u2026\u2026\u2026<\/p><p>\u00c1tv\u00e9tel id\u0151pontja: :\u2026\u2026\u2026\u2026\u2026\u2026\u2026\u2026\u2026\u2026\u2026\u2026\u2026\u2026\u2026\u2026\u2026\u2026<\/p><p>A fogyaszt\u00f3(k) neve: :\u2026\u2026\u2026\u2026\u2026\u2026\u2026\u2026\u2026\u2026\u2026\u2026\u2026\u2026\u2026\u2026\u2026\u2026<\/p><p>A fogyaszt\u00f3(k) c\u00edme: :\u2026\u2026\u2026\u2026\u2026\u2026\u2026\u2026\u2026\u2026\u2026\u2026\u2026\u2026\u2026\u2026\u2026\u2026<\/p><p>A fogyaszt\u00f3(k) banksz\u00e1mlasz\u00e1ma, amire a v\u00e9tel\u00e1r visszat\u00e9r\u00edt\u00e9s\u00e9t k\u00e9ri: \u2026\u2026\u2026\u2026\u2026\u2026\u2026\u2026\u2026\u2026\u2026..\u2026\u2026\u2026\u2026\u2026\u2026\u2026..<\/p><p>Kelt: \u2026\u2026\u2026\u2026\u2026\u2026\u2026\u2026\u2026\u2026\u2026\u2026\u2026, \u2026\u2026\u2026\u2026\u2026\u2026.. \u00e9v \u2026\u2026\u2026\u2026\u2026\u2026\u2026\u2026\u2026\u2026\u2026\u2026\u2026\u2026\u2026\u2026 h\u00f3nap \u2026\u2026\u2026\u2026\u2026\u2026. nap<\/p><p>A fogyaszt\u00f3(k) al\u00e1\u00edr\u00e1sa (kiz\u00e1r\u00f3lag pap\u00edr alapon tett nyilatkozat eset\u00e9n): :\u2026\u2026\u2026\u2026\u2026\u2026\u2026\u2026\u2026\u2026\u2026\u2026\u2026\u2026\u2026\u2026\u2026\u2026<\/p><p><!-- \/wp:paragraph --><\/p>\t\t\t\t\t\t\t\t<\/div>\n\t\t\t\t<\/div>\n\t\t\t\t\t<\/div>\n\t\t\t\t<\/div>\n\t\t\t\t<\/div>","protected":false},"excerpt":{"rendered":"<p>K\u00e1rai Exclusive Racing Korl\u00e1tolt Felel\u0151ss\u00e9g\u0171 T\u00e1rsas\u00e1g \u00c1ltal\u00e1nos Szerz\u0151d\u00e9si Felt\u00e9telek Jelen \u00c1ltal\u00e1nos Szerz\u0151d\u00e9si Felt\u00e9telek (a tov\u00e1bbiakban: \u00c1SZF) a K\u00e1rai Exclusive Racing Korl\u00e1tolt Felel\u0151ss\u00e9g\u0171 T\u00e1rsas\u00e1g (r\u00f6vid\u00edtett elnevez\u00e9s: K\u00e1rai Exclusive Racing Kft., sz\u00e9khely: 5900 Orosh\u00e1za, Igl\u00f3i \u00fat 77., c\u00e9get nyilv\u00e1ntart\u00f3 c\u00e9gb\u00edr\u00f3s\u00e1g: Gyulai T\u00f6rv\u00e9nysz\u00e9k C\u00e9gb\u00edr\u00f3s\u00e1ga, c\u00e9gjegyz\u00e9ksz\u00e1m: 04-09-013396, ad\u00f3sz\u00e1m: 25297937-2-04, statisztikai sz\u00e1mjel: 25297937-4511-113-04, k\u00e9pviseli: K\u00e1rai P\u00e9ter \u00fcgyvezet\u0151) mint Elad\u00f3 (a [&hellip;]<\/p>\n","protected":false},"author":1,"featured_media":0,"parent":0,"menu_order":0,"comment_status":"closed","ping_status":"closed","template":"","meta":{"_acf_changed":false,"footnotes":""},"class_list":["post-24353","page","type-page","status-publish","hentry"],"acf":[],"yoast_head":"<!-- This site is optimized with the Yoast SEO Premium plugin v27.1 (Yoast SEO v27.2) - https:\/\/yoast.com\/product\/yoast-seo-premium-wordpress\/ -->\n<title>\u00c1.SZ.F. - K\u00e1rai Exclusive<\/title>\n<meta name=\"robots\" content=\"index, follow, max-snippet:-1, max-image-preview:large, max-video-preview:-1\" \/>\n<link rel=\"canonical\" href=\"https:\/\/karaiexclusiveracing.hu\/de\/a-sz-f\/\" \/>\n<meta property=\"og:locale\" content=\"de_DE\" \/>\n<meta property=\"og:type\" content=\"article\" \/>\n<meta property=\"og:title\" content=\"\u00c1.SZ.F.\" \/>\n<meta property=\"og:description\" content=\"K\u00e1rai Exclusive Racing Korl\u00e1tolt Felel\u0151ss\u00e9g\u0171 T\u00e1rsas\u00e1g \u00c1ltal\u00e1nos Szerz\u0151d\u00e9si Felt\u00e9telek Jelen \u00c1ltal\u00e1nos Szerz\u0151d\u00e9si Felt\u00e9telek (a tov\u00e1bbiakban: \u00c1SZF) a K\u00e1rai Exclusive Racing Korl\u00e1tolt Felel\u0151ss\u00e9g\u0171 T\u00e1rsas\u00e1g (r\u00f6vid\u00edtett elnevez\u00e9s: K\u00e1rai Exclusive Racing Kft., sz\u00e9khely: 5900 Orosh\u00e1za, Igl\u00f3i \u00fat 77., c\u00e9get nyilv\u00e1ntart\u00f3 c\u00e9gb\u00edr\u00f3s\u00e1g: Gyulai T\u00f6rv\u00e9nysz\u00e9k C\u00e9gb\u00edr\u00f3s\u00e1ga, c\u00e9gjegyz\u00e9ksz\u00e1m: 04-09-013396, ad\u00f3sz\u00e1m: 25297937-2-04, statisztikai sz\u00e1mjel: 25297937-4511-113-04, k\u00e9pviseli: K\u00e1rai P\u00e9ter \u00fcgyvezet\u0151) mint Elad\u00f3 (a [&hellip;]\" \/>\n<meta property=\"og:url\" content=\"https:\/\/karaiexclusiveracing.hu\/de\/a-sz-f\/\" \/>\n<meta property=\"og:site_name\" content=\"K\u00e1rai Exclusive\" \/>\n<meta property=\"article:publisher\" content=\"https:\/\/www.facebook.com\/karaiexclusiveracing.hu\" \/>\n<meta property=\"article:modified_time\" content=\"2026-03-09T09:56:41+00:00\" \/>\n<meta name=\"twitter:card\" content=\"summary_large_image\" \/>\n<meta name=\"twitter:label1\" content=\"Gesch\u00e4tzte Lesezeit\" \/>\n\t<meta name=\"twitter:data1\" content=\"20\u00a0Minuten\" \/>\n<script type=\"application\/ld+json\" class=\"yoast-schema-graph\">{\"@context\":\"https:\/\/schema.org\",\"@graph\":[{\"@type\":\"WebPage\",\"@id\":\"https:\/\/karaiexclusiveracing.hu\/en\/a-sz-f\/\",\"url\":\"https:\/\/karaiexclusiveracing.hu\/en\/a-sz-f\/\",\"name\":\"\u00c1.SZ.F. - K\u00e1rai Exclusive\",\"isPartOf\":{\"@id\":\"https:\/\/karaiexclusiveracing.hu\/#website\"},\"datePublished\":\"2026-03-09T09:43:01+00:00\",\"dateModified\":\"2026-03-09T09:56:41+00:00\",\"breadcrumb\":{\"@id\":\"https:\/\/karaiexclusiveracing.hu\/en\/a-sz-f\/#breadcrumb\"},\"inLanguage\":\"de\",\"potentialAction\":[{\"@type\":\"ReadAction\",\"target\":[\"https:\/\/karaiexclusiveracing.hu\/en\/a-sz-f\/\"]}]},{\"@type\":\"BreadcrumbList\",\"@id\":\"https:\/\/karaiexclusiveracing.hu\/en\/a-sz-f\/#breadcrumb\",\"itemListElement\":[{\"@type\":\"ListItem\",\"position\":1,\"name\":\"Kezd\u0151lap\",\"item\":\"https:\/\/karaiexclusiveracing.hu\/\"},{\"@type\":\"ListItem\",\"position\":2,\"name\":\"\u00c1.SZ.F.\"}]},{\"@type\":\"WebSite\",\"@id\":\"https:\/\/karaiexclusiveracing.hu\/#website\",\"url\":\"https:\/\/karaiexclusiveracing.hu\/\",\"name\":\"K\u00e1rai Exclusive Racing\",\"description\":\"\",\"publisher\":{\"@id\":\"https:\/\/karaiexclusiveracing.hu\/#organization\"},\"potentialAction\":[{\"@type\":\"SearchAction\",\"target\":{\"@type\":\"EntryPoint\",\"urlTemplate\":\"https:\/\/karaiexclusiveracing.hu\/?s={search_term_string}\"},\"query-input\":{\"@type\":\"PropertyValueSpecification\",\"valueRequired\":true,\"valueName\":\"search_term_string\"}}],\"inLanguage\":\"de\"},{\"@type\":\"Organization\",\"@id\":\"https:\/\/karaiexclusiveracing.hu\/#organization\",\"name\":\"K\u00e1rai Exclusive Racing\",\"url\":\"https:\/\/karaiexclusiveracing.hu\/\",\"logo\":{\"@type\":\"ImageObject\",\"inLanguage\":\"de\",\"@id\":\"https:\/\/karaiexclusiveracing.hu\/#\/schema\/logo\/image\/\",\"url\":\"https:\/\/www.karaiexclusiveracing.hu\/wp-content\/uploads\/2023\/10\/karai_exclusive_logo-1-1.png\",\"contentUrl\":\"https:\/\/www.karaiexclusiveracing.hu\/wp-content\/uploads\/2023\/10\/karai_exclusive_logo-1-1.png\",\"width\":1575,\"height\":435,\"caption\":\"K\u00e1rai Exclusive Racing\"},\"image\":{\"@id\":\"https:\/\/karaiexclusiveracing.hu\/#\/schema\/logo\/image\/\"},\"sameAs\":[\"https:\/\/www.facebook.com\/karaiexclusiveracing.hu\",\"https:\/\/www.instagram.com\/karaiexclusiveracing\/\"]}]}<\/script>\n<!-- \/ Yoast SEO Premium plugin. -->","yoast_head_json":{"title":"\u00c1.SZ.F. - K\u00e1rai Exclusive","robots":{"index":"index","follow":"follow","max-snippet":"max-snippet:-1","max-image-preview":"max-image-preview:large","max-video-preview":"max-video-preview:-1"},"canonical":"https:\/\/karaiexclusiveracing.hu\/de\/a-sz-f\/","og_locale":"de_DE","og_type":"article","og_title":"\u00c1.SZ.F.","og_description":"K\u00e1rai Exclusive Racing Korl\u00e1tolt Felel\u0151ss\u00e9g\u0171 T\u00e1rsas\u00e1g \u00c1ltal\u00e1nos Szerz\u0151d\u00e9si Felt\u00e9telek Jelen \u00c1ltal\u00e1nos Szerz\u0151d\u00e9si Felt\u00e9telek (a tov\u00e1bbiakban: \u00c1SZF) a K\u00e1rai Exclusive Racing Korl\u00e1tolt Felel\u0151ss\u00e9g\u0171 T\u00e1rsas\u00e1g (r\u00f6vid\u00edtett elnevez\u00e9s: K\u00e1rai Exclusive Racing Kft., sz\u00e9khely: 5900 Orosh\u00e1za, Igl\u00f3i \u00fat 77., c\u00e9get nyilv\u00e1ntart\u00f3 c\u00e9gb\u00edr\u00f3s\u00e1g: Gyulai T\u00f6rv\u00e9nysz\u00e9k C\u00e9gb\u00edr\u00f3s\u00e1ga, c\u00e9gjegyz\u00e9ksz\u00e1m: 04-09-013396, ad\u00f3sz\u00e1m: 25297937-2-04, statisztikai sz\u00e1mjel: 25297937-4511-113-04, k\u00e9pviseli: K\u00e1rai P\u00e9ter \u00fcgyvezet\u0151) mint Elad\u00f3 (a [&hellip;]","og_url":"https:\/\/karaiexclusiveracing.hu\/de\/a-sz-f\/","og_site_name":"K\u00e1rai Exclusive","article_publisher":"https:\/\/www.facebook.com\/karaiexclusiveracing.hu","article_modified_time":"2026-03-09T09:56:41+00:00","twitter_card":"summary_large_image","twitter_misc":{"Gesch\u00e4tzte Lesezeit":"20\u00a0Minuten"},"schema":{"@context":"https:\/\/schema.org","@graph":[{"@type":"WebPage","@id":"https:\/\/karaiexclusiveracing.hu\/en\/a-sz-f\/","url":"https:\/\/karaiexclusiveracing.hu\/en\/a-sz-f\/","name":"\u00c1.SZ.F. - K\u00e1rai Exclusive","isPartOf":{"@id":"https:\/\/karaiexclusiveracing.hu\/#website"},"datePublished":"2026-03-09T09:43:01+00:00","dateModified":"2026-03-09T09:56:41+00:00","breadcrumb":{"@id":"https:\/\/karaiexclusiveracing.hu\/en\/a-sz-f\/#breadcrumb"},"inLanguage":"de","potentialAction":[{"@type":"ReadAction","target":["https:\/\/karaiexclusiveracing.hu\/en\/a-sz-f\/"]}]},{"@type":"BreadcrumbList","@id":"https:\/\/karaiexclusiveracing.hu\/en\/a-sz-f\/#breadcrumb","itemListElement":[{"@type":"ListItem","position":1,"name":"Kezd\u0151lap","item":"https:\/\/karaiexclusiveracing.hu\/"},{"@type":"ListItem","position":2,"name":"\u00c1.SZ.F."}]},{"@type":"WebSite","@id":"https:\/\/karaiexclusiveracing.hu\/#website","url":"https:\/\/karaiexclusiveracing.hu\/","name":"K\u00e1rai Exclusive Racing","description":"","publisher":{"@id":"https:\/\/karaiexclusiveracing.hu\/#organization"},"potentialAction":[{"@type":"SearchAction","target":{"@type":"EntryPoint","urlTemplate":"https:\/\/karaiexclusiveracing.hu\/?s={search_term_string}"},"query-input":{"@type":"PropertyValueSpecification","valueRequired":true,"valueName":"search_term_string"}}],"inLanguage":"de"},{"@type":"Organization","@id":"https:\/\/karaiexclusiveracing.hu\/#organization","name":"K\u00e1rai Exclusive Racing","url":"https:\/\/karaiexclusiveracing.hu\/","logo":{"@type":"ImageObject","inLanguage":"de","@id":"https:\/\/karaiexclusiveracing.hu\/#\/schema\/logo\/image\/","url":"https:\/\/www.karaiexclusiveracing.hu\/wp-content\/uploads\/2023\/10\/karai_exclusive_logo-1-1.png","contentUrl":"https:\/\/www.karaiexclusiveracing.hu\/wp-content\/uploads\/2023\/10\/karai_exclusive_logo-1-1.png","width":1575,"height":435,"caption":"K\u00e1rai Exclusive Racing"},"image":{"@id":"https:\/\/karaiexclusiveracing.hu\/#\/schema\/logo\/image\/"},"sameAs":["https:\/\/www.facebook.com\/karaiexclusiveracing.hu","https:\/\/www.instagram.com\/karaiexclusiveracing\/"]}]}},"_links":{"self":[{"href":"https:\/\/karaiexclusiveracing.hu\/de\/wp-json\/wp\/v2\/pages\/24353","targetHints":{"allow":["GET"]}}],"collection":[{"href":"https:\/\/karaiexclusiveracing.hu\/de\/wp-json\/wp\/v2\/pages"}],"about":[{"href":"https:\/\/karaiexclusiveracing.hu\/de\/wp-json\/wp\/v2\/types\/page"}],"author":[{"embeddable":true,"href":"https:\/\/karaiexclusiveracing.hu\/de\/wp-json\/wp\/v2\/users\/1"}],"replies":[{"embeddable":true,"href":"https:\/\/karaiexclusiveracing.hu\/de\/wp-json\/wp\/v2\/comments?post=24353"}],"version-history":[{"count":10,"href":"https:\/\/karaiexclusiveracing.hu\/de\/wp-json\/wp\/v2\/pages\/24353\/revisions"}],"predecessor-version":[{"id":24375,"href":"https:\/\/karaiexclusiveracing.hu\/de\/wp-json\/wp\/v2\/pages\/24353\/revisions\/24375"}],"wp:attachment":[{"href":"https:\/\/karaiexclusiveracing.hu\/de\/wp-json\/wp\/v2\/media?parent=24353"}],"curies":[{"name":"wp","href":"https:\/\/api.w.org\/{rel}","templated":true}]}}