{"id":24293,"date":"2026-03-06T08:32:29","date_gmt":"2026-03-06T07:32:29","guid":{"rendered":"https:\/\/www.karaiexclusiveracing.hu\/?post_type=product&#038;p=24293"},"modified":"2026-03-06T09:22:19","modified_gmt":"2026-03-06T08:22:19","slug":"bmw-e31-850i","status":"publish","type":"product","link":"http:\/\/karaiexclusiveracing.hu\/de\/termek\/bmw-e31-850i\/","title":{"rendered":"BMW E31 850CI"},"content":{"rendered":"<p>Elad\u00e1sra k\u00edn\u00e1lunk egy saj\u00e1t gy\u0171jtem\u00e9ny\u00fcnkbe v\u00e1s\u00e1rolt BMW E31 850-t! Az aut\u00f3 pozit\u00edvumai teljesen fel\u00faj\u00edtott belt\u00e9r, m\u0171szakilag az aut\u00f3n rengeteg mindent megcsin\u00e1ltunk.(fut\u00f3m\u0171 szilentek cser\u00e9je, leng\u0151karok cser\u00e9je, \u00faj bilstein leng\u00e9scsillap\u00edt\u00f3k, \u00faj komplett tankszivatty\u00fak szint jelad\u00f3val egy\u00fctt. \u00daj h\u0171t\u0151k \u00e9s m\u00e9g rengeteg minden!( mindenr\u0151l f\u00e9nyk\u00e9pes dokument\u00e1ci\u00f3 van) Az aut\u00f3ra \u00f6nk\u00f6lts\u00e9gen r\u00e1 lett k\u00f6ltve minimum 5.000.000 ft. Negat\u00edvumai: A karossz\u00e9ri\u00e1n mint ahogy a fot\u00f3kon is l\u00e1tsz\u00f3dik vannak apr\u00f3bb hib\u00e1k, kisebb horpad\u00e1sok, rozsda p\u00f6rsen\u00e9sek! A M\u00faze\u00e1lis min\u0151s\u00edt\u00e9s megszerz\u00e9s\u00e9hez ezeket kellene orvosolni! Az eszt\u00e9tikai hib\u00e1k jav\u00edt\u00e1s\u00e1ban illetve a vizsg\u00e1ztat\u00e1sban is tudunk seg\u00edteni! BMW-k fel\u00faj\u00edt\u00e1s\u00e1ra szakosodott szerviz\u00fcnkben v\u00e1s\u00e1rl\u00e1s el\u0151tt lehet\u0151s\u00e9get biztos\u00edtunk egy teljes k\u00f6r\u0171 \u00e1tn\u00e9z\u00e9sre emel\u0151n stb.<\/p>\n<p>tolat\u00f3radar<br \/>\nABS (blokkol\u00e1sg\u00e1tl\u00f3)<br \/>\ntempomat<br \/>\ncentr\u00e1lz\u00e1r<br \/>\nszervokorm\u00e1ny<br \/>\nsportfut\u00f3m\u0171<\/p>\n<p><strong>Belt\u00e9r<br \/>\n<\/strong>\u00fcl\u00e9smagass\u00e1g \u00e1ll\u00edt\u00e1s<br \/>\nb\u0151rkorm\u00e1ny<br \/>\n\u00e1ll\u00edthat\u00f3 korm\u00e1ny<br \/>\nfed\u00e9lzeti komputer<\/p>\n<p><strong>K\u00fclt\u00e9r<br \/>\n<\/strong>elektromos ablak el\u00f6l<br \/>\nelektromos ablak h\u00e1tul<br \/>\nelektromos t\u00fck\u00f6r<br \/>\nf\u0171thet\u0151 t\u00fck\u00f6r<br \/>\nk\u00f6nny\u0171f\u00e9m felni<br \/>\nsz\u00ednezett \u00fcveg<br \/>\ntol\u00f3tet\u0151 (napf\u00e9nytet\u0151)<br \/>\ntol\u00f3tet\u0151 &#8211; elektromos<\/p>","protected":false},"excerpt":{"rendered":"<p>Elad\u00e1sra k\u00edn\u00e1lunk egy saj\u00e1t gy\u0171jtem\u00e9ny\u00fcnkbe v\u00e1s\u00e1rolt BMW E31 850-t! Az aut\u00f3 pozit\u00edvumai teljesen fel\u00faj\u00edtott belt\u00e9r, m\u0171szakilag az aut\u00f3n rengeteg mindent megcsin\u00e1ltunk.(fut\u00f3m\u0171 szilentek cser\u00e9je, leng\u0151karok cser\u00e9je, \u00faj bilstein leng\u00e9scsillap\u00edt\u00f3k, \u00faj komplett tankszivatty\u00fak szint jelad\u00f3val egy\u00fctt. \u00daj h\u0171t\u0151k \u00e9s m\u00e9g rengeteg minden!( mindenr\u0151l f\u00e9nyk\u00e9pes dokument\u00e1ci\u00f3 van) Az aut\u00f3ra \u00f6nk\u00f6lts\u00e9gen r\u00e1 lett k\u00f6ltve minimum 5.000.000 ft. Negat\u00edvumai: A [&hellip;]<\/p>\n","protected":false},"featured_media":24294,"template":"","meta":{"_acf_changed":false},"manufactures":[],"product_brand":[165],"product_cat":[24],"product_tag":[],"class_list":{"0":"post-24293","1":"product","2":"type-product","3":"status-publish","4":"has-post-thumbnail","6":"product_brand-bmw","7":"product_cat-classic-car","9":"first","10":"instock","11":"taxable","12":"shipping-taxable","13":"purchasable","14":"product-type-simple"},"exclude_global_add_ons":[],"addons":[],"acf":[],"yoast_head":"<!-- This site is optimized with the Yoast SEO Premium plugin v27.1 (Yoast SEO v27.2) - https:\/\/yoast.com\/product\/yoast-seo-premium-wordpress\/ -->\n<title>BMW E31 850CI - K\u00e1rai Exclusive<\/title>\n<meta name=\"robots\" content=\"index, follow, max-snippet:-1, max-image-preview:large, max-video-preview:-1\" \/>\n<link rel=\"canonical\" href=\"https:\/\/karaiexclusiveracing.hu\/de\/produkt\/bmw-e31-850i\/\" \/>\n<meta property=\"og:locale\" content=\"de_DE\" \/>\n<meta property=\"og:type\" content=\"article\" \/>\n<meta property=\"og:title\" content=\"BMW E31 850CI\" \/>\n<meta property=\"og:description\" content=\"Elad\u00e1sra k\u00edn\u00e1lunk egy saj\u00e1t gy\u0171jtem\u00e9ny\u00fcnkbe v\u00e1s\u00e1rolt BMW E31 850-t! Az aut\u00f3 pozit\u00edvumai teljesen fel\u00faj\u00edtott belt\u00e9r, m\u0171szakilag az aut\u00f3n rengeteg mindent megcsin\u00e1ltunk.(fut\u00f3m\u0171 szilentek cser\u00e9je, leng\u0151karok cser\u00e9je, \u00faj bilstein leng\u00e9scsillap\u00edt\u00f3k, \u00faj komplett tankszivatty\u00fak szint jelad\u00f3val egy\u00fctt. \u00daj h\u0171t\u0151k \u00e9s m\u00e9g rengeteg minden!( mindenr\u0151l f\u00e9nyk\u00e9pes dokument\u00e1ci\u00f3 van) Az aut\u00f3ra \u00f6nk\u00f6lts\u00e9gen r\u00e1 lett k\u00f6ltve minimum 5.000.000 ft. Negat\u00edvumai: A [&hellip;]\" \/>\n<meta property=\"og:url\" content=\"https:\/\/karaiexclusiveracing.hu\/de\/produkt\/bmw-e31-850i\/\" \/>\n<meta property=\"og:site_name\" content=\"K\u00e1rai Exclusive\" \/>\n<meta property=\"article:publisher\" content=\"https:\/\/www.facebook.com\/karaiexclusiveracing.hu\" \/>\n<meta property=\"article:modified_time\" content=\"2026-03-06T08:22:19+00:00\" \/>\n<meta property=\"og:image\" content=\"https:\/\/karaiexclusiveracing.hu\/wp-content\/uploads\/2026\/03\/viber_kep_2026-03-06_08-00-23-961.jpg\" \/>\n\t<meta property=\"og:image:width\" content=\"1600\" \/>\n\t<meta property=\"og:image:height\" content=\"1200\" \/>\n\t<meta property=\"og:image:type\" content=\"image\/jpeg\" \/>\n<meta name=\"twitter:card\" content=\"summary_large_image\" \/>\n<meta name=\"twitter:label1\" content=\"Gesch\u00e4tzte Lesezeit\" \/>\n\t<meta name=\"twitter:data1\" content=\"1\u00a0Minute\" \/>\n<script type=\"application\/ld+json\" class=\"yoast-schema-graph\">{\"@context\":\"https:\/\/schema.org\",\"@graph\":[{\"@type\":\"WebPage\",\"@id\":\"https:\/\/karaiexclusiveracing.hu\/termek\/bmw-e31-850i\/\",\"url\":\"https:\/\/karaiexclusiveracing.hu\/termek\/bmw-e31-850i\/\",\"name\":\"BMW E31 850CI - K\u00e1rai Exclusive\",\"isPartOf\":{\"@id\":\"https:\/\/karaiexclusiveracing.hu\/#website\"},\"primaryImageOfPage\":{\"@id\":\"https:\/\/karaiexclusiveracing.hu\/termek\/bmw-e31-850i\/#primaryimage\"},\"image\":{\"@id\":\"https:\/\/karaiexclusiveracing.hu\/termek\/bmw-e31-850i\/#primaryimage\"},\"thumbnailUrl\":\"https:\/\/karaiexclusiveracing.hu\/wp-content\/uploads\/2026\/03\/viber_kep_2026-03-06_08-00-23-961.jpg\",\"datePublished\":\"2026-03-06T07:32:29+00:00\",\"dateModified\":\"2026-03-06T08:22:19+00:00\",\"breadcrumb\":{\"@id\":\"https:\/\/karaiexclusiveracing.hu\/termek\/bmw-e31-850i\/#breadcrumb\"},\"inLanguage\":\"de\",\"potentialAction\":[{\"@type\":\"ReadAction\",\"target\":[\"https:\/\/karaiexclusiveracing.hu\/termek\/bmw-e31-850i\/\"]}]},{\"@type\":\"ImageObject\",\"inLanguage\":\"de\",\"@id\":\"https:\/\/karaiexclusiveracing.hu\/termek\/bmw-e31-850i\/#primaryimage\",\"url\":\"https:\/\/karaiexclusiveracing.hu\/wp-content\/uploads\/2026\/03\/viber_kep_2026-03-06_08-00-23-961.jpg\",\"contentUrl\":\"https:\/\/karaiexclusiveracing.hu\/wp-content\/uploads\/2026\/03\/viber_kep_2026-03-06_08-00-23-961.jpg\",\"width\":1600,\"height\":1200},{\"@type\":\"BreadcrumbList\",\"@id\":\"https:\/\/karaiexclusiveracing.hu\/termek\/bmw-e31-850i\/#breadcrumb\",\"itemListElement\":[{\"@type\":\"ListItem\",\"position\":1,\"name\":\"Kezd\u0151lap\",\"item\":\"https:\/\/karaiexclusiveracing.hu\/\"},{\"@type\":\"ListItem\",\"position\":2,\"name\":\"Elad\u00f3 aut\u00f3k\",\"item\":\"https:\/\/karaiexclusiveracing.hu\/elado-autok\/\"},{\"@type\":\"ListItem\",\"position\":3,\"name\":\"BMW E31 850CI\"}]},{\"@type\":\"WebSite\",\"@id\":\"https:\/\/karaiexclusiveracing.hu\/#website\",\"url\":\"https:\/\/karaiexclusiveracing.hu\/\",\"name\":\"K\u00e1rai Exclusive Racing\",\"description\":\"\",\"publisher\":{\"@id\":\"https:\/\/karaiexclusiveracing.hu\/#organization\"},\"potentialAction\":[{\"@type\":\"SearchAction\",\"target\":{\"@type\":\"EntryPoint\",\"urlTemplate\":\"https:\/\/karaiexclusiveracing.hu\/?s={search_term_string}\"},\"query-input\":{\"@type\":\"PropertyValueSpecification\",\"valueRequired\":true,\"valueName\":\"search_term_string\"}}],\"inLanguage\":\"de\"},{\"@type\":\"Organization\",\"@id\":\"https:\/\/karaiexclusiveracing.hu\/#organization\",\"name\":\"K\u00e1rai Exclusive Racing\",\"url\":\"https:\/\/karaiexclusiveracing.hu\/\",\"logo\":{\"@type\":\"ImageObject\",\"inLanguage\":\"de\",\"@id\":\"https:\/\/karaiexclusiveracing.hu\/#\/schema\/logo\/image\/\",\"url\":\"https:\/\/www.karaiexclusiveracing.hu\/wp-content\/uploads\/2023\/10\/karai_exclusive_logo-1-1.png\",\"contentUrl\":\"https:\/\/www.karaiexclusiveracing.hu\/wp-content\/uploads\/2023\/10\/karai_exclusive_logo-1-1.png\",\"width\":1575,\"height\":435,\"caption\":\"K\u00e1rai Exclusive Racing\"},\"image\":{\"@id\":\"https:\/\/karaiexclusiveracing.hu\/#\/schema\/logo\/image\/\"},\"sameAs\":[\"https:\/\/www.facebook.com\/karaiexclusiveracing.hu\",\"https:\/\/www.instagram.com\/karaiexclusiveracing\/\"]}]}<\/script>\n<!-- \/ Yoast SEO Premium plugin. -->","yoast_head_json":{"title":"BMW E31 850CI - K\u00e1rai Exclusive","robots":{"index":"index","follow":"follow","max-snippet":"max-snippet:-1","max-image-preview":"max-image-preview:large","max-video-preview":"max-video-preview:-1"},"canonical":"https:\/\/karaiexclusiveracing.hu\/de\/produkt\/bmw-e31-850i\/","og_locale":"de_DE","og_type":"article","og_title":"BMW E31 850CI","og_description":"Elad\u00e1sra k\u00edn\u00e1lunk egy saj\u00e1t gy\u0171jtem\u00e9ny\u00fcnkbe v\u00e1s\u00e1rolt BMW E31 850-t! Az aut\u00f3 pozit\u00edvumai teljesen fel\u00faj\u00edtott belt\u00e9r, m\u0171szakilag az aut\u00f3n rengeteg mindent megcsin\u00e1ltunk.(fut\u00f3m\u0171 szilentek cser\u00e9je, leng\u0151karok cser\u00e9je, \u00faj bilstein leng\u00e9scsillap\u00edt\u00f3k, \u00faj komplett tankszivatty\u00fak szint jelad\u00f3val egy\u00fctt. \u00daj h\u0171t\u0151k \u00e9s m\u00e9g rengeteg minden!( mindenr\u0151l f\u00e9nyk\u00e9pes dokument\u00e1ci\u00f3 van) Az aut\u00f3ra \u00f6nk\u00f6lts\u00e9gen r\u00e1 lett k\u00f6ltve minimum 5.000.000 ft. Negat\u00edvumai: A [&hellip;]","og_url":"https:\/\/karaiexclusiveracing.hu\/de\/produkt\/bmw-e31-850i\/","og_site_name":"K\u00e1rai Exclusive","article_publisher":"https:\/\/www.facebook.com\/karaiexclusiveracing.hu","article_modified_time":"2026-03-06T08:22:19+00:00","og_image":[{"width":1600,"height":1200,"url":"https:\/\/karaiexclusiveracing.hu\/wp-content\/uploads\/2026\/03\/viber_kep_2026-03-06_08-00-23-961.jpg","type":"image\/jpeg"}],"twitter_card":"summary_large_image","twitter_misc":{"Gesch\u00e4tzte Lesezeit":"1\u00a0Minute"},"schema":{"@context":"https:\/\/schema.org","@graph":[{"@type":"WebPage","@id":"https:\/\/karaiexclusiveracing.hu\/termek\/bmw-e31-850i\/","url":"https:\/\/karaiexclusiveracing.hu\/termek\/bmw-e31-850i\/","name":"BMW E31 850CI - K\u00e1rai Exclusive","isPartOf":{"@id":"https:\/\/karaiexclusiveracing.hu\/#website"},"primaryImageOfPage":{"@id":"https:\/\/karaiexclusiveracing.hu\/termek\/bmw-e31-850i\/#primaryimage"},"image":{"@id":"https:\/\/karaiexclusiveracing.hu\/termek\/bmw-e31-850i\/#primaryimage"},"thumbnailUrl":"https:\/\/karaiexclusiveracing.hu\/wp-content\/uploads\/2026\/03\/viber_kep_2026-03-06_08-00-23-961.jpg","datePublished":"2026-03-06T07:32:29+00:00","dateModified":"2026-03-06T08:22:19+00:00","breadcrumb":{"@id":"https:\/\/karaiexclusiveracing.hu\/termek\/bmw-e31-850i\/#breadcrumb"},"inLanguage":"de","potentialAction":[{"@type":"ReadAction","target":["https:\/\/karaiexclusiveracing.hu\/termek\/bmw-e31-850i\/"]}]},{"@type":"ImageObject","inLanguage":"de","@id":"https:\/\/karaiexclusiveracing.hu\/termek\/bmw-e31-850i\/#primaryimage","url":"https:\/\/karaiexclusiveracing.hu\/wp-content\/uploads\/2026\/03\/viber_kep_2026-03-06_08-00-23-961.jpg","contentUrl":"https:\/\/karaiexclusiveracing.hu\/wp-content\/uploads\/2026\/03\/viber_kep_2026-03-06_08-00-23-961.jpg","width":1600,"height":1200},{"@type":"BreadcrumbList","@id":"https:\/\/karaiexclusiveracing.hu\/termek\/bmw-e31-850i\/#breadcrumb","itemListElement":[{"@type":"ListItem","position":1,"name":"Kezd\u0151lap","item":"https:\/\/karaiexclusiveracing.hu\/"},{"@type":"ListItem","position":2,"name":"Elad\u00f3 aut\u00f3k","item":"https:\/\/karaiexclusiveracing.hu\/elado-autok\/"},{"@type":"ListItem","position":3,"name":"BMW E31 850CI"}]},{"@type":"WebSite","@id":"https:\/\/karaiexclusiveracing.hu\/#website","url":"https:\/\/karaiexclusiveracing.hu\/","name":"K\u00e1rai Exclusive Racing","description":"","publisher":{"@id":"https:\/\/karaiexclusiveracing.hu\/#organization"},"potentialAction":[{"@type":"SearchAction","target":{"@type":"EntryPoint","urlTemplate":"https:\/\/karaiexclusiveracing.hu\/?s={search_term_string}"},"query-input":{"@type":"PropertyValueSpecification","valueRequired":true,"valueName":"search_term_string"}}],"inLanguage":"de"},{"@type":"Organization","@id":"https:\/\/karaiexclusiveracing.hu\/#organization","name":"K\u00e1rai Exclusive Racing","url":"https:\/\/karaiexclusiveracing.hu\/","logo":{"@type":"ImageObject","inLanguage":"de","@id":"https:\/\/karaiexclusiveracing.hu\/#\/schema\/logo\/image\/","url":"https:\/\/www.karaiexclusiveracing.hu\/wp-content\/uploads\/2023\/10\/karai_exclusive_logo-1-1.png","contentUrl":"https:\/\/www.karaiexclusiveracing.hu\/wp-content\/uploads\/2023\/10\/karai_exclusive_logo-1-1.png","width":1575,"height":435,"caption":"K\u00e1rai Exclusive Racing"},"image":{"@id":"https:\/\/karaiexclusiveracing.hu\/#\/schema\/logo\/image\/"},"sameAs":["https:\/\/www.facebook.com\/karaiexclusiveracing.hu","https:\/\/www.instagram.com\/karaiexclusiveracing\/"]}]}},"_links":{"self":[{"href":"http:\/\/karaiexclusiveracing.hu\/de\/wp-json\/wp\/v2\/product\/24293","targetHints":{"allow":["GET"]}}],"collection":[{"href":"http:\/\/karaiexclusiveracing.hu\/de\/wp-json\/wp\/v2\/product"}],"about":[{"href":"http:\/\/karaiexclusiveracing.hu\/de\/wp-json\/wp\/v2\/types\/product"}],"wp:featuredmedia":[{"embeddable":true,"href":"http:\/\/karaiexclusiveracing.hu\/de\/wp-json\/wp\/v2\/media\/24294"}],"wp:attachment":[{"href":"http:\/\/karaiexclusiveracing.hu\/de\/wp-json\/wp\/v2\/media?parent=24293"}],"wp:term":[{"taxonomy":"manufactures","embeddable":true,"href":"http:\/\/karaiexclusiveracing.hu\/de\/wp-json\/wp\/v2\/manufactures?post=24293"},{"taxonomy":"product_brand","embeddable":true,"href":"http:\/\/karaiexclusiveracing.hu\/de\/wp-json\/wp\/v2\/product_brand?post=24293"},{"taxonomy":"product_cat","embeddable":true,"href":"http:\/\/karaiexclusiveracing.hu\/de\/wp-json\/wp\/v2\/product_cat?post=24293"},{"taxonomy":"product_tag","embeddable":true,"href":"http:\/\/karaiexclusiveracing.hu\/de\/wp-json\/wp\/v2\/product_tag?post=24293"}],"curies":[{"name":"wp","href":"https:\/\/api.w.org\/{rel}","templated":true}]}}