{"id":22308,"date":"2025-01-23T19:53:42","date_gmt":"2025-01-23T18:53:42","guid":{"rendered":"https:\/\/www.karaiexclusiveracing.hu\/?post_type=product&#038;p=22308"},"modified":"2025-01-24T14:27:00","modified_gmt":"2025-01-24T13:27:00","slug":"bmw-e30-325i-manual","status":"publish","type":"product","link":"http:\/\/karaiexclusiveracing.hu\/de\/termek\/bmw-e30-325i-manual\/","title":{"rendered":"BMW E30 325i Manual"},"content":{"rendered":"<p>Elad\u00f3 egy <strong>1987-es BMW E30 325i Manual<\/strong>, amely kiv\u00e1l\u00f3 alapot ny\u00fajt a klasszikus BMW-rajong\u00f3k sz\u00e1m\u00e1ra. Az aut\u00f3 <strong>fel\u00faj\u00edtott belt\u00e9rrel<\/strong> \u00e9s <strong>kem\u00e9nytet\u0151vel<\/strong> \u00e9s k\u00e9zi v\u00e1lt\u00f3val rendelkezik, amely ritka \u00e9s k\u00fcl\u00f6nleges felszerelts\u00e9gnek sz\u00e1m\u00edt ebben a modellben.<\/p>\n<p>Az aut\u00f3 <strong>lej\u00e1rt n\u00e9met okm\u00e1nyokkal<\/strong> \u00e9rhet\u0151 el, de ig\u00e9ny eset\u00e9n seg\u00edt\u00fcnk a pap\u00edroz\u00e1sban \u00e9s a fel\u00faj\u00edt\u00e1sban. B\u00e1r a karossz\u00e9ria n\u00e9mi foglalkoz\u00e1st ig\u00e9nyel, az aut\u00f3 <strong>nem a sz\u00e9td\u0151lt, t\u00e1kolt kateg\u00f3ri\u00e1ba tartozik<\/strong>, \u00edgy ide\u00e1lis v\u00e1laszt\u00e1s lehet gy\u0171jt\u0151knek vagy fel\u00faj\u00edt\u00e1st tervez\u0151 v\u00e1s\u00e1rl\u00f3knak.<\/p>\n<p>Ez a klasszikus BMW E30 325i t\u00f6k\u00e9letes befektet\u00e9si lehet\u0151s\u00e9g, amely az id\u0151 m\u00fal\u00e1s\u00e1val tov\u00e1bb n\u00f6veli az \u00e9rt\u00e9k\u00e9t.<\/p>\n<p><strong>Tov\u00e1bbi inform\u00e1ci\u00f3\u00e9rt \u00e9rdekl\u0151dj telefonon!<\/strong><\/p>","protected":false},"excerpt":{"rendered":"<p>Elad\u00f3 egy 1987-es BMW E30 325i Manual, amely kiv\u00e1l\u00f3 alapot ny\u00fajt a klasszikus BMW-rajong\u00f3k sz\u00e1m\u00e1ra. Az aut\u00f3 fel\u00faj\u00edtott belt\u00e9rrel \u00e9s kem\u00e9nytet\u0151vel \u00e9s k\u00e9zi v\u00e1lt\u00f3val rendelkezik, amely ritka \u00e9s k\u00fcl\u00f6nleges felszerelts\u00e9gnek sz\u00e1m\u00edt ebben a modellben. Az aut\u00f3 lej\u00e1rt n\u00e9met okm\u00e1nyokkal \u00e9rhet\u0151 el, de ig\u00e9ny eset\u00e9n seg\u00edt\u00fcnk a pap\u00edroz\u00e1sban \u00e9s a fel\u00faj\u00edt\u00e1sban. B\u00e1r a karossz\u00e9ria n\u00e9mi foglalkoz\u00e1st [&hellip;]<\/p>\n","protected":false},"featured_media":22313,"template":"","meta":{"_acf_changed":false},"manufactures":[],"product_brand":[],"product_cat":[24],"product_tag":[],"class_list":{"0":"post-22308","1":"product","2":"type-product","3":"status-publish","4":"has-post-thumbnail","6":"product_cat-classic-car","8":"first","9":"instock","10":"taxable","11":"shipping-taxable","12":"purchasable","13":"product-type-simple"},"exclude_global_add_ons":[],"addons":[],"acf":[],"yoast_head":"<!-- This site is optimized with the Yoast SEO Premium plugin v27.1 (Yoast SEO v27.2) - https:\/\/yoast.com\/product\/yoast-seo-premium-wordpress\/ -->\n<title>BMW E30 325i Manual - K\u00e1rai Exclusive<\/title>\n<meta name=\"description\" content=\"BMW E30 325i Manual (1987) fel\u00faj\u00edtott belt\u00e9rrel, kem\u00e9nytet\u0151vel \u00e9s lej\u00e1rt n\u00e9met okm\u00e1nyokkal elad\u00f3. Ide\u00e1lis gy\u0171jt\u0151knek \u00e9s fel\u00faj\u00edt\u00f3knak.\" \/>\n<meta name=\"robots\" content=\"index, follow, max-snippet:-1, max-image-preview:large, max-video-preview:-1\" \/>\n<link rel=\"canonical\" href=\"https:\/\/karaiexclusiveracing.hu\/de\/produkt\/bmw-e30-325i-manual\/\" \/>\n<meta property=\"og:locale\" content=\"de_DE\" \/>\n<meta property=\"og:type\" content=\"article\" \/>\n<meta property=\"og:title\" content=\"BMW E30 325i Manual\" \/>\n<meta property=\"og:description\" content=\"BMW E30 325i Manual (1987) fel\u00faj\u00edtott belt\u00e9rrel, kem\u00e9nytet\u0151vel \u00e9s lej\u00e1rt n\u00e9met okm\u00e1nyokkal elad\u00f3. Ide\u00e1lis gy\u0171jt\u0151knek \u00e9s fel\u00faj\u00edt\u00f3knak.\" \/>\n<meta property=\"og:url\" content=\"https:\/\/karaiexclusiveracing.hu\/de\/produkt\/bmw-e30-325i-manual\/\" \/>\n<meta property=\"og:site_name\" content=\"K\u00e1rai Exclusive\" \/>\n<meta property=\"article:publisher\" content=\"https:\/\/www.facebook.com\/karaiexclusiveracing.hu\" \/>\n<meta property=\"article:modified_time\" content=\"2025-01-24T13:27:00+00:00\" \/>\n<meta property=\"og:image\" content=\"https:\/\/karaiexclusiveracing.hu\/wp-content\/uploads\/2025\/01\/viber_kep_2025-01-21_22-47-22-868.jpg\" \/>\n\t<meta property=\"og:image:width\" content=\"1600\" \/>\n\t<meta property=\"og:image:height\" content=\"900\" \/>\n\t<meta property=\"og:image:type\" content=\"image\/jpeg\" \/>\n<meta name=\"twitter:card\" content=\"summary_large_image\" \/>\n<meta name=\"twitter:label1\" content=\"Gesch\u00e4tzte Lesezeit\" \/>\n\t<meta name=\"twitter:data1\" content=\"1\u00a0Minute\" \/>\n<script type=\"application\/ld+json\" class=\"yoast-schema-graph\">{\"@context\":\"https:\/\/schema.org\",\"@graph\":[{\"@type\":\"WebPage\",\"@id\":\"https:\/\/karaiexclusiveracing.hu\/termek\/bmw-e30-325i-manual\/\",\"url\":\"https:\/\/karaiexclusiveracing.hu\/termek\/bmw-e30-325i-manual\/\",\"name\":\"BMW E30 325i Manual - K\u00e1rai Exclusive\",\"isPartOf\":{\"@id\":\"https:\/\/karaiexclusiveracing.hu\/#website\"},\"primaryImageOfPage\":{\"@id\":\"https:\/\/karaiexclusiveracing.hu\/termek\/bmw-e30-325i-manual\/#primaryimage\"},\"image\":{\"@id\":\"https:\/\/karaiexclusiveracing.hu\/termek\/bmw-e30-325i-manual\/#primaryimage\"},\"thumbnailUrl\":\"https:\/\/karaiexclusiveracing.hu\/wp-content\/uploads\/2025\/01\/viber_kep_2025-01-21_22-47-22-868.jpg\",\"datePublished\":\"2025-01-23T18:53:42+00:00\",\"dateModified\":\"2025-01-24T13:27:00+00:00\",\"description\":\"BMW E30 325i Manual (1987) fel\u00faj\u00edtott belt\u00e9rrel, kem\u00e9nytet\u0151vel \u00e9s lej\u00e1rt n\u00e9met okm\u00e1nyokkal elad\u00f3. Ide\u00e1lis gy\u0171jt\u0151knek \u00e9s fel\u00faj\u00edt\u00f3knak.\",\"breadcrumb\":{\"@id\":\"https:\/\/karaiexclusiveracing.hu\/termek\/bmw-e30-325i-manual\/#breadcrumb\"},\"inLanguage\":\"de\",\"potentialAction\":[{\"@type\":\"ReadAction\",\"target\":[\"https:\/\/karaiexclusiveracing.hu\/termek\/bmw-e30-325i-manual\/\"]}]},{\"@type\":\"ImageObject\",\"inLanguage\":\"de\",\"@id\":\"https:\/\/karaiexclusiveracing.hu\/termek\/bmw-e30-325i-manual\/#primaryimage\",\"url\":\"https:\/\/karaiexclusiveracing.hu\/wp-content\/uploads\/2025\/01\/viber_kep_2025-01-21_22-47-22-868.jpg\",\"contentUrl\":\"https:\/\/karaiexclusiveracing.hu\/wp-content\/uploads\/2025\/01\/viber_kep_2025-01-21_22-47-22-868.jpg\",\"width\":1600,\"height\":900},{\"@type\":\"BreadcrumbList\",\"@id\":\"https:\/\/karaiexclusiveracing.hu\/termek\/bmw-e30-325i-manual\/#breadcrumb\",\"itemListElement\":[{\"@type\":\"ListItem\",\"position\":1,\"name\":\"Kezd\u0151lap\",\"item\":\"https:\/\/karaiexclusiveracing.hu\/\"},{\"@type\":\"ListItem\",\"position\":2,\"name\":\"Elad\u00f3 aut\u00f3k\",\"item\":\"https:\/\/karaiexclusiveracing.hu\/elado-autok\/\"},{\"@type\":\"ListItem\",\"position\":3,\"name\":\"BMW E30 325i Manual\"}]},{\"@type\":\"WebSite\",\"@id\":\"https:\/\/karaiexclusiveracing.hu\/#website\",\"url\":\"https:\/\/karaiexclusiveracing.hu\/\",\"name\":\"K\u00e1rai Exclusive Racing\",\"description\":\"\",\"publisher\":{\"@id\":\"https:\/\/karaiexclusiveracing.hu\/#organization\"},\"potentialAction\":[{\"@type\":\"SearchAction\",\"target\":{\"@type\":\"EntryPoint\",\"urlTemplate\":\"https:\/\/karaiexclusiveracing.hu\/?s={search_term_string}\"},\"query-input\":{\"@type\":\"PropertyValueSpecification\",\"valueRequired\":true,\"valueName\":\"search_term_string\"}}],\"inLanguage\":\"de\"},{\"@type\":\"Organization\",\"@id\":\"https:\/\/karaiexclusiveracing.hu\/#organization\",\"name\":\"K\u00e1rai Exclusive Racing\",\"url\":\"https:\/\/karaiexclusiveracing.hu\/\",\"logo\":{\"@type\":\"ImageObject\",\"inLanguage\":\"de\",\"@id\":\"https:\/\/karaiexclusiveracing.hu\/#\/schema\/logo\/image\/\",\"url\":\"https:\/\/www.karaiexclusiveracing.hu\/wp-content\/uploads\/2023\/10\/karai_exclusive_logo-1-1.png\",\"contentUrl\":\"https:\/\/www.karaiexclusiveracing.hu\/wp-content\/uploads\/2023\/10\/karai_exclusive_logo-1-1.png\",\"width\":1575,\"height\":435,\"caption\":\"K\u00e1rai Exclusive Racing\"},\"image\":{\"@id\":\"https:\/\/karaiexclusiveracing.hu\/#\/schema\/logo\/image\/\"},\"sameAs\":[\"https:\/\/www.facebook.com\/karaiexclusiveracing.hu\",\"https:\/\/www.instagram.com\/karaiexclusiveracing\/\"]}]}<\/script>\n<!-- \/ Yoast SEO Premium plugin. -->","yoast_head_json":{"title":"BMW E30 325i Manual - K\u00e1rai Exclusive","description":"BMW E30 325i Manual (1987) fel\u00faj\u00edtott belt\u00e9rrel, kem\u00e9nytet\u0151vel \u00e9s lej\u00e1rt n\u00e9met okm\u00e1nyokkal elad\u00f3. Ide\u00e1lis gy\u0171jt\u0151knek \u00e9s fel\u00faj\u00edt\u00f3knak.","robots":{"index":"index","follow":"follow","max-snippet":"max-snippet:-1","max-image-preview":"max-image-preview:large","max-video-preview":"max-video-preview:-1"},"canonical":"https:\/\/karaiexclusiveracing.hu\/de\/produkt\/bmw-e30-325i-manual\/","og_locale":"de_DE","og_type":"article","og_title":"BMW E30 325i Manual","og_description":"BMW E30 325i Manual (1987) fel\u00faj\u00edtott belt\u00e9rrel, kem\u00e9nytet\u0151vel \u00e9s lej\u00e1rt n\u00e9met okm\u00e1nyokkal elad\u00f3. Ide\u00e1lis gy\u0171jt\u0151knek \u00e9s fel\u00faj\u00edt\u00f3knak.","og_url":"https:\/\/karaiexclusiveracing.hu\/de\/produkt\/bmw-e30-325i-manual\/","og_site_name":"K\u00e1rai Exclusive","article_publisher":"https:\/\/www.facebook.com\/karaiexclusiveracing.hu","article_modified_time":"2025-01-24T13:27:00+00:00","og_image":[{"width":1600,"height":900,"url":"https:\/\/karaiexclusiveracing.hu\/wp-content\/uploads\/2025\/01\/viber_kep_2025-01-21_22-47-22-868.jpg","type":"image\/jpeg"}],"twitter_card":"summary_large_image","twitter_misc":{"Gesch\u00e4tzte Lesezeit":"1\u00a0Minute"},"schema":{"@context":"https:\/\/schema.org","@graph":[{"@type":"WebPage","@id":"https:\/\/karaiexclusiveracing.hu\/termek\/bmw-e30-325i-manual\/","url":"https:\/\/karaiexclusiveracing.hu\/termek\/bmw-e30-325i-manual\/","name":"BMW E30 325i Manual - K\u00e1rai Exclusive","isPartOf":{"@id":"https:\/\/karaiexclusiveracing.hu\/#website"},"primaryImageOfPage":{"@id":"https:\/\/karaiexclusiveracing.hu\/termek\/bmw-e30-325i-manual\/#primaryimage"},"image":{"@id":"https:\/\/karaiexclusiveracing.hu\/termek\/bmw-e30-325i-manual\/#primaryimage"},"thumbnailUrl":"https:\/\/karaiexclusiveracing.hu\/wp-content\/uploads\/2025\/01\/viber_kep_2025-01-21_22-47-22-868.jpg","datePublished":"2025-01-23T18:53:42+00:00","dateModified":"2025-01-24T13:27:00+00:00","description":"BMW E30 325i Manual (1987) fel\u00faj\u00edtott belt\u00e9rrel, kem\u00e9nytet\u0151vel \u00e9s lej\u00e1rt n\u00e9met okm\u00e1nyokkal elad\u00f3. Ide\u00e1lis gy\u0171jt\u0151knek \u00e9s fel\u00faj\u00edt\u00f3knak.","breadcrumb":{"@id":"https:\/\/karaiexclusiveracing.hu\/termek\/bmw-e30-325i-manual\/#breadcrumb"},"inLanguage":"de","potentialAction":[{"@type":"ReadAction","target":["https:\/\/karaiexclusiveracing.hu\/termek\/bmw-e30-325i-manual\/"]}]},{"@type":"ImageObject","inLanguage":"de","@id":"https:\/\/karaiexclusiveracing.hu\/termek\/bmw-e30-325i-manual\/#primaryimage","url":"https:\/\/karaiexclusiveracing.hu\/wp-content\/uploads\/2025\/01\/viber_kep_2025-01-21_22-47-22-868.jpg","contentUrl":"https:\/\/karaiexclusiveracing.hu\/wp-content\/uploads\/2025\/01\/viber_kep_2025-01-21_22-47-22-868.jpg","width":1600,"height":900},{"@type":"BreadcrumbList","@id":"https:\/\/karaiexclusiveracing.hu\/termek\/bmw-e30-325i-manual\/#breadcrumb","itemListElement":[{"@type":"ListItem","position":1,"name":"Kezd\u0151lap","item":"https:\/\/karaiexclusiveracing.hu\/"},{"@type":"ListItem","position":2,"name":"Elad\u00f3 aut\u00f3k","item":"https:\/\/karaiexclusiveracing.hu\/elado-autok\/"},{"@type":"ListItem","position":3,"name":"BMW E30 325i Manual"}]},{"@type":"WebSite","@id":"https:\/\/karaiexclusiveracing.hu\/#website","url":"https:\/\/karaiexclusiveracing.hu\/","name":"K\u00e1rai Exclusive Racing","description":"","publisher":{"@id":"https:\/\/karaiexclusiveracing.hu\/#organization"},"potentialAction":[{"@type":"SearchAction","target":{"@type":"EntryPoint","urlTemplate":"https:\/\/karaiexclusiveracing.hu\/?s={search_term_string}"},"query-input":{"@type":"PropertyValueSpecification","valueRequired":true,"valueName":"search_term_string"}}],"inLanguage":"de"},{"@type":"Organization","@id":"https:\/\/karaiexclusiveracing.hu\/#organization","name":"K\u00e1rai Exclusive Racing","url":"https:\/\/karaiexclusiveracing.hu\/","logo":{"@type":"ImageObject","inLanguage":"de","@id":"https:\/\/karaiexclusiveracing.hu\/#\/schema\/logo\/image\/","url":"https:\/\/www.karaiexclusiveracing.hu\/wp-content\/uploads\/2023\/10\/karai_exclusive_logo-1-1.png","contentUrl":"https:\/\/www.karaiexclusiveracing.hu\/wp-content\/uploads\/2023\/10\/karai_exclusive_logo-1-1.png","width":1575,"height":435,"caption":"K\u00e1rai Exclusive Racing"},"image":{"@id":"https:\/\/karaiexclusiveracing.hu\/#\/schema\/logo\/image\/"},"sameAs":["https:\/\/www.facebook.com\/karaiexclusiveracing.hu","https:\/\/www.instagram.com\/karaiexclusiveracing\/"]}]}},"_links":{"self":[{"href":"http:\/\/karaiexclusiveracing.hu\/de\/wp-json\/wp\/v2\/product\/22308","targetHints":{"allow":["GET"]}}],"collection":[{"href":"http:\/\/karaiexclusiveracing.hu\/de\/wp-json\/wp\/v2\/product"}],"about":[{"href":"http:\/\/karaiexclusiveracing.hu\/de\/wp-json\/wp\/v2\/types\/product"}],"wp:featuredmedia":[{"embeddable":true,"href":"http:\/\/karaiexclusiveracing.hu\/de\/wp-json\/wp\/v2\/media\/22313"}],"wp:attachment":[{"href":"http:\/\/karaiexclusiveracing.hu\/de\/wp-json\/wp\/v2\/media?parent=22308"}],"wp:term":[{"taxonomy":"manufactures","embeddable":true,"href":"http:\/\/karaiexclusiveracing.hu\/de\/wp-json\/wp\/v2\/manufactures?post=22308"},{"taxonomy":"product_brand","embeddable":true,"href":"http:\/\/karaiexclusiveracing.hu\/de\/wp-json\/wp\/v2\/product_brand?post=22308"},{"taxonomy":"product_cat","embeddable":true,"href":"http:\/\/karaiexclusiveracing.hu\/de\/wp-json\/wp\/v2\/product_cat?post=22308"},{"taxonomy":"product_tag","embeddable":true,"href":"http:\/\/karaiexclusiveracing.hu\/de\/wp-json\/wp\/v2\/product_tag?post=22308"}],"curies":[{"name":"wp","href":"https:\/\/api.w.org\/{rel}","templated":true}]}}